{"id":7030,"date":"2016-12-17T23:22:25","date_gmt":"2016-12-17T22:22:25","guid":{"rendered":"http:\/\/www.turismoslovacchia.it\/?page_id=7030"},"modified":"2017-04-27T20:26:24","modified_gmt":"2017-04-27T18:26:24","slug":"castello-di-devin","status":"publish","type":"page","link":"https:\/\/www.turismoslovacchia.it\/?page_id=7030","title":{"rendered":"Castello di Dev\u00edn"},"content":{"rendered":"<p><a href=\"http:\/\/www.turismoslovacchia.it\/wp-content\/uploads\/devin-cast_lure-cc-by-sa.jpg\" data-rel=\"lightbox-gallery-sxqP5hyb\" data-rl_title=\"\" data-rl_caption=\"\" title=\"\"><img decoding=\"async\" loading=\"lazy\" class=\"alignnone size-full wp-image-7034\" src=\"http:\/\/www.turismoslovacchia.it\/wp-content\/uploads\/devin-cast_lure-cc-by-sa.jpg\" alt=\"devin-cast_lure-cc-by-sa\" width=\"720\" height=\"443\" srcset=\"https:\/\/www.turismoslovacchia.it\/wp-content\/uploads\/devin-cast_lure-cc-by-sa.jpg 720w, https:\/\/www.turismoslovacchia.it\/wp-content\/uploads\/devin-cast_lure-cc-by-sa-300x185.jpg 300w, https:\/\/www.turismoslovacchia.it\/wp-content\/uploads\/devin-cast_lure-cc-by-sa-600x369.jpg 600w, https:\/\/www.turismoslovacchia.it\/wp-content\/uploads\/devin-cast_lure-cc-by-sa-400x246.jpg 400w, https:\/\/www.turismoslovacchia.it\/wp-content\/uploads\/devin-cast_lure-cc-by-sa-100x62.jpg 100w, https:\/\/www.turismoslovacchia.it\/wp-content\/uploads\/devin-cast_lure-cc-by-sa-200x123.jpg 200w, https:\/\/www.turismoslovacchia.it\/wp-content\/uploads\/devin-cast_lure-cc-by-sa-150x92.jpg 150w\" sizes=\"(max-width: 720px) 100vw, 720px\" \/><\/a><\/p>\n<p>&nbsp;<\/p>\n<p style=\"text-align: justify;\">Situato sopra la confluenza dei fiumi Danubio e Morava, a 212 metri di altezza e pochi chilometri da Bratislava, il Castello di Dev\u00edn ha sempre giocato un ruolo importante nella storia del paese, per il controllo dell\u2019importante via commerciale rappresentata dal Danubio.<\/p>\n<p style=\"text-align: justify;\"><a href=\"http:\/\/www.turismoslovacchia.it\/wp-content\/uploads\/devin-cast_adirricor-cc-by.jpg\" data-rel=\"lightbox-gallery-sxqP5hyb\" data-rl_title=\"\" data-rl_caption=\"\" title=\"\"><img decoding=\"async\" loading=\"lazy\" class=\"alignnone size-full wp-image-7038\" src=\"http:\/\/www.turismoslovacchia.it\/wp-content\/uploads\/devin-cast_adirricor-cc-by.jpg\" alt=\"devin-cast_a\" width=\"720\" height=\"225\" srcset=\"https:\/\/www.turismoslovacchia.it\/wp-content\/uploads\/devin-cast_adirricor-cc-by.jpg 720w, https:\/\/www.turismoslovacchia.it\/wp-content\/uploads\/devin-cast_adirricor-cc-by-300x94.jpg 300w, https:\/\/www.turismoslovacchia.it\/wp-content\/uploads\/devin-cast_adirricor-cc-by-600x188.jpg 600w, https:\/\/www.turismoslovacchia.it\/wp-content\/uploads\/devin-cast_adirricor-cc-by-400x125.jpg 400w, https:\/\/www.turismoslovacchia.it\/wp-content\/uploads\/devin-cast_adirricor-cc-by-100x31.jpg 100w, https:\/\/www.turismoslovacchia.it\/wp-content\/uploads\/devin-cast_adirricor-cc-by-200x63.jpg 200w, https:\/\/www.turismoslovacchia.it\/wp-content\/uploads\/devin-cast_adirricor-cc-by-150x47.jpg 150w\" sizes=\"(max-width: 720px) 100vw, 720px\" \/><\/a><\/p>\n<p>&nbsp;<\/p>\n<p style=\"text-align: justify;\">Qui si trovano tracce dei pi\u00f9 antichi insediamenti sul territorio slovacco a partire dal Neolitico, le fortificazioni celtiche e romane e la prima cristianizzazione al tempo della Grande Moravia (IX secolo) grazie all\u2019opera dei santi Cirillo e Metodio.<\/p>\n<p style=\"text-align: justify;\"><a href=\"http:\/\/www.turismoslovacchia.it\/wp-content\/uploads\/devin-cast_ElenaSeligova-by-nd.jpg\" data-rel=\"lightbox-gallery-sxqP5hyb\" data-rl_title=\"\" data-rl_caption=\"\" title=\"\"><img decoding=\"async\" loading=\"lazy\" class=\"alignnone size-full wp-image-7032\" src=\"http:\/\/www.turismoslovacchia.it\/wp-content\/uploads\/devin-cast_ElenaSeligova-by-nd.jpg\" alt=\"devin-cast_elenaseligova-by-nd\" width=\"720\" height=\"443\" srcset=\"https:\/\/www.turismoslovacchia.it\/wp-content\/uploads\/devin-cast_ElenaSeligova-by-nd.jpg 720w, https:\/\/www.turismoslovacchia.it\/wp-content\/uploads\/devin-cast_ElenaSeligova-by-nd-300x185.jpg 300w, https:\/\/www.turismoslovacchia.it\/wp-content\/uploads\/devin-cast_ElenaSeligova-by-nd-600x369.jpg 600w, https:\/\/www.turismoslovacchia.it\/wp-content\/uploads\/devin-cast_ElenaSeligova-by-nd-400x246.jpg 400w, https:\/\/www.turismoslovacchia.it\/wp-content\/uploads\/devin-cast_ElenaSeligova-by-nd-100x62.jpg 100w, https:\/\/www.turismoslovacchia.it\/wp-content\/uploads\/devin-cast_ElenaSeligova-by-nd-200x123.jpg 200w, https:\/\/www.turismoslovacchia.it\/wp-content\/uploads\/devin-cast_ElenaSeligova-by-nd-150x92.jpg 150w\" sizes=\"(max-width: 720px) 100vw, 720px\" \/><\/a><\/p>\n<p>&nbsp;<\/p>\n<p style=\"text-align: justify;\">Il castello slavo, eretto nell&#8217;VIII secolo, svolse un ruolo importante durante le frequenti guerre tra la Moravia e i Franchi. Nel XIII secolo fu costruito al suo posto un castello medievale in pietra per proteggere il confine occidentale del Regno d&#8217;Ungheria: il nome di &#8220;castelanus de Devin&#8221; \u00e8 apparso per la prima volta in un documento nel 1320.<\/p>\n<p style=\"text-align: justify;\"><a href=\"http:\/\/www.turismoslovacchia.it\/wp-content\/uploads\/Devin_bissartig_143992@pixab.jpg\" data-rel=\"lightbox-gallery-sxqP5hyb\" data-rl_title=\"\" data-rl_caption=\"\" title=\"\"><img decoding=\"async\" loading=\"lazy\" class=\"alignnone size-full wp-image-5693\" src=\"http:\/\/www.turismoslovacchia.it\/wp-content\/uploads\/Devin_bissartig_143992@pixab.jpg\" alt=\"Devin_(bissartig_143992@pixab)\" width=\"720\" height=\"443\" srcset=\"https:\/\/www.turismoslovacchia.it\/wp-content\/uploads\/Devin_bissartig_143992@pixab.jpg 720w, https:\/\/www.turismoslovacchia.it\/wp-content\/uploads\/Devin_bissartig_143992@pixab-300x185.jpg 300w, https:\/\/www.turismoslovacchia.it\/wp-content\/uploads\/Devin_bissartig_143992@pixab-600x369.jpg 600w, https:\/\/www.turismoslovacchia.it\/wp-content\/uploads\/Devin_bissartig_143992@pixab-400x246.jpg 400w, https:\/\/www.turismoslovacchia.it\/wp-content\/uploads\/Devin_bissartig_143992@pixab-100x62.jpg 100w, https:\/\/www.turismoslovacchia.it\/wp-content\/uploads\/Devin_bissartig_143992@pixab-200x123.jpg 200w, https:\/\/www.turismoslovacchia.it\/wp-content\/uploads\/Devin_bissartig_143992@pixab-150x92.jpg 150w\" sizes=\"(max-width: 720px) 100vw, 720px\" \/><\/a><\/p>\n<p>&nbsp;<\/p>\n<p style=\"text-align: justify;\">La porta meridionale, protetta da un bastione semicircolare, fu costruito nel XV secolo su una ex roccaforte del periodo della Grande Moravia (IX secolo).<\/p>\n<p style=\"text-align: justify;\">Nella prima met\u00e0 del secolo XV fu eretto il palazzo gotico Garay, e nel Cinquecento furono aggiunti un palazzo rinascimentale e altre fortificazioni.<\/p>\n<p style=\"text-align: justify;\"><a href=\"http:\/\/www.turismoslovacchia.it\/wp-content\/uploads\/devin-cast_Mister-NO-cc-by-nc.jpg\" data-rel=\"lightbox-gallery-sxqP5hyb\" data-rl_title=\"\" data-rl_caption=\"\" title=\"\"><img decoding=\"async\" loading=\"lazy\" class=\"alignnone size-full wp-image-6554\" src=\"http:\/\/www.turismoslovacchia.it\/wp-content\/uploads\/devin-cast_Mister-NO-cc-by-nc.jpg\" alt=\"devin-cast_mister-no-cc-by-nc\" width=\"720\" height=\"443\" srcset=\"https:\/\/www.turismoslovacchia.it\/wp-content\/uploads\/devin-cast_Mister-NO-cc-by-nc.jpg 720w, https:\/\/www.turismoslovacchia.it\/wp-content\/uploads\/devin-cast_Mister-NO-cc-by-nc-300x185.jpg 300w, https:\/\/www.turismoslovacchia.it\/wp-content\/uploads\/devin-cast_Mister-NO-cc-by-nc-600x369.jpg 600w, https:\/\/www.turismoslovacchia.it\/wp-content\/uploads\/devin-cast_Mister-NO-cc-by-nc-400x246.jpg 400w, https:\/\/www.turismoslovacchia.it\/wp-content\/uploads\/devin-cast_Mister-NO-cc-by-nc-100x62.jpg 100w, https:\/\/www.turismoslovacchia.it\/wp-content\/uploads\/devin-cast_Mister-NO-cc-by-nc-200x123.jpg 200w, https:\/\/www.turismoslovacchia.it\/wp-content\/uploads\/devin-cast_Mister-NO-cc-by-nc-150x92.jpg 150w\" sizes=\"(max-width: 720px) 100vw, 720px\" \/><\/a><\/p>\n<p>&nbsp;<\/p>\n<p style=\"text-align: justify;\">Il castello fu distrutto dalle armate di Napoleone nel 1809 e le sue rovine ricordano la storia turbolenta di battaglie e incursioni.<\/p>\n<p style=\"text-align: justify;\"><a href=\"http:\/\/www.turismoslovacchia.it\/wp-content\/uploads\/devin-cast_danub_ZbigniewLubecki-by-nd.jpg\" data-rel=\"lightbox-gallery-sxqP5hyb\" data-rl_title=\"\" data-rl_caption=\"\" title=\"\"><img decoding=\"async\" loading=\"lazy\" class=\"alignnone size-full wp-image-7033\" src=\"http:\/\/www.turismoslovacchia.it\/wp-content\/uploads\/devin-cast_danub_ZbigniewLubecki-by-nd.jpg\" alt=\"devin-cast_danub_zbigniewlubecki-by-nd\" width=\"720\" height=\"443\" srcset=\"https:\/\/www.turismoslovacchia.it\/wp-content\/uploads\/devin-cast_danub_ZbigniewLubecki-by-nd.jpg 720w, https:\/\/www.turismoslovacchia.it\/wp-content\/uploads\/devin-cast_danub_ZbigniewLubecki-by-nd-300x185.jpg 300w, https:\/\/www.turismoslovacchia.it\/wp-content\/uploads\/devin-cast_danub_ZbigniewLubecki-by-nd-600x369.jpg 600w, https:\/\/www.turismoslovacchia.it\/wp-content\/uploads\/devin-cast_danub_ZbigniewLubecki-by-nd-400x246.jpg 400w, https:\/\/www.turismoslovacchia.it\/wp-content\/uploads\/devin-cast_danub_ZbigniewLubecki-by-nd-100x62.jpg 100w, https:\/\/www.turismoslovacchia.it\/wp-content\/uploads\/devin-cast_danub_ZbigniewLubecki-by-nd-200x123.jpg 200w, https:\/\/www.turismoslovacchia.it\/wp-content\/uploads\/devin-cast_danub_ZbigniewLubecki-by-nd-150x92.jpg 150w\" sizes=\"(max-width: 720px) 100vw, 720px\" \/><\/a><\/p>\n<p style=\"text-align: justify;\"><a href=\"http:\/\/www.turismoslovacchia.it\/wp-content\/uploads\/devin-piccoli-carpaz-morava_access-cc-by-sa.jpg\" data-rel=\"lightbox-gallery-sxqP5hyb\" data-rl_title=\"\" data-rl_caption=\"\" title=\"\"><img decoding=\"async\" loading=\"lazy\" class=\"alignnone size-full wp-image-8066\" src=\"http:\/\/www.turismoslovacchia.it\/wp-content\/uploads\/devin-piccoli-carpaz-morava_access-cc-by-sa.jpg\" alt=\"\" width=\"720\" height=\"500\" srcset=\"https:\/\/www.turismoslovacchia.it\/wp-content\/uploads\/devin-piccoli-carpaz-morava_access-cc-by-sa.jpg 720w, https:\/\/www.turismoslovacchia.it\/wp-content\/uploads\/devin-piccoli-carpaz-morava_access-cc-by-sa-300x208.jpg 300w, https:\/\/www.turismoslovacchia.it\/wp-content\/uploads\/devin-piccoli-carpaz-morava_access-cc-by-sa-400x278.jpg 400w, https:\/\/www.turismoslovacchia.it\/wp-content\/uploads\/devin-piccoli-carpaz-morava_access-cc-by-sa-100x69.jpg 100w, https:\/\/www.turismoslovacchia.it\/wp-content\/uploads\/devin-piccoli-carpaz-morava_access-cc-by-sa-180x125.jpg 180w, https:\/\/www.turismoslovacchia.it\/wp-content\/uploads\/devin-piccoli-carpaz-morava_access-cc-by-sa-150x104.jpg 150w\" sizes=\"(max-width: 720px) 100vw, 720px\" \/><\/a><a href=\"http:\/\/www.turismoslovacchia.it\/wp-content\/uploads\/la-Morava-a-Devin_Jerzy-Kociatkiewicz_access@flickr_CC-BY.jpg\" data-rel=\"lightbox-gallery-sxqP5hyb\" data-rl_title=\"\" data-rl_caption=\"\" title=\"\"><br \/>\n<\/a><span style=\"color: #808080;\"><em>Il fiume Morava che scorre sotto al castello<\/em><\/span><\/p>\n<p>&nbsp;<\/p>\n<p style=\"text-align: justify;\">Dal XIX secolo Dev\u00edn divenne per gli slovacchi un simbolo nazionale; mentre gli ungheresi lo ritenevano la porta d\u2019occidente al Regno d&#8217;Ungheria. La sua storia ha ispirato molti poeti del Romanticismo: il magiaro Endre Ady lo decant\u00f2 come un simbolo di modernit\u00e0 e occidentalizzazione nel suo poema \u2018<em>Gog e Magog<\/em>\u2019.<\/p>\n<p><a href=\"http:\/\/www.turismoslovacchia.it\/wp-content\/uploads\/Devin_strassederkaiserundkoenige-12770142264.jpg\" data-rel=\"lightbox-gallery-sxqP5hyb\" data-rl_title=\"\" data-rl_caption=\"\" title=\"\"><img decoding=\"async\" loading=\"lazy\" class=\"alignnone size-full wp-image-3844\" src=\"http:\/\/www.turismoslovacchia.it\/wp-content\/uploads\/Devin_strassederkaiserundkoenige-12770142264.jpg\" alt=\"Devin_(strassederkaiserundkoenige-12770142264=\" width=\"720\" height=\"400\" srcset=\"https:\/\/www.turismoslovacchia.it\/wp-content\/uploads\/Devin_strassederkaiserundkoenige-12770142264.jpg 720w, https:\/\/www.turismoslovacchia.it\/wp-content\/uploads\/Devin_strassederkaiserundkoenige-12770142264-300x167.jpg 300w, https:\/\/www.turismoslovacchia.it\/wp-content\/uploads\/Devin_strassederkaiserundkoenige-12770142264-600x333.jpg 600w, https:\/\/www.turismoslovacchia.it\/wp-content\/uploads\/Devin_strassederkaiserundkoenige-12770142264-400x222.jpg 400w, https:\/\/www.turismoslovacchia.it\/wp-content\/uploads\/Devin_strassederkaiserundkoenige-12770142264-100x56.jpg 100w, https:\/\/www.turismoslovacchia.it\/wp-content\/uploads\/Devin_strassederkaiserundkoenige-12770142264-200x111.jpg 200w, https:\/\/www.turismoslovacchia.it\/wp-content\/uploads\/Devin_strassederkaiserundkoenige-12770142264-150x83.jpg 150w\" sizes=\"(max-width: 720px) 100vw, 720px\" \/><\/a><\/p>\n<p><a href=\"http:\/\/www.turismoslovacchia.it\/wp-content\/uploads\/devin-cast_valasek-nc-nd.jpg\" data-rel=\"lightbox-gallery-sxqP5hyb\" data-rl_title=\"\" data-rl_caption=\"\" title=\"\"><img decoding=\"async\" loading=\"lazy\" class=\"alignnone size-full wp-image-6549\" src=\"http:\/\/www.turismoslovacchia.it\/wp-content\/uploads\/devin-cast_valasek-nc-nd.jpg\" alt=\"devin-cast_valasek-nc-nd\" width=\"720\" height=\"443\" srcset=\"https:\/\/www.turismoslovacchia.it\/wp-content\/uploads\/devin-cast_valasek-nc-nd.jpg 720w, https:\/\/www.turismoslovacchia.it\/wp-content\/uploads\/devin-cast_valasek-nc-nd-300x185.jpg 300w, https:\/\/www.turismoslovacchia.it\/wp-content\/uploads\/devin-cast_valasek-nc-nd-600x369.jpg 600w, https:\/\/www.turismoslovacchia.it\/wp-content\/uploads\/devin-cast_valasek-nc-nd-400x246.jpg 400w, https:\/\/www.turismoslovacchia.it\/wp-content\/uploads\/devin-cast_valasek-nc-nd-100x62.jpg 100w, https:\/\/www.turismoslovacchia.it\/wp-content\/uploads\/devin-cast_valasek-nc-nd-200x123.jpg 200w, https:\/\/www.turismoslovacchia.it\/wp-content\/uploads\/devin-cast_valasek-nc-nd-150x92.jpg 150w\" sizes=\"(max-width: 720px) 100vw, 720px\" \/><\/a><\/p>\n<p>&nbsp;<\/p>\n<p style=\"text-align: justify;\">Al castello, la cui pianta \u00e8 molto irregolare, oggi si accede attraverso l\u2019occidentale Porta di Moravia. Alcune sue parti sono state ricostruite nel ventesimo secolo. All&#8217;interno del complesso \u00e8 un museo di cimeli del Neolitico e delle et\u00e0 del Bronzo e del Ferro. Il cancello meridionale protetto da una coppia di bastioni semicircolari fu costruito nel XV secolo su un vecchio bastione dei tempi della Grande Moravia (IX secolo).<\/p>\n<p style=\"text-align: justify;\"><a href=\"http:\/\/www.turismoslovacchia.it\/wp-content\/uploads\/devin-cast_Pavlin-Ines@wiki.jpg\" data-rel=\"lightbox-gallery-sxqP5hyb\" data-rl_title=\"\" data-rl_caption=\"\" title=\"\"><img decoding=\"async\" loading=\"lazy\" class=\"alignnone size-full wp-image-7035\" src=\"http:\/\/www.turismoslovacchia.it\/wp-content\/uploads\/devin-cast_Pavlin-Ines@wiki.jpg\" alt=\"devin-cast_pavlin-ineswiki\" width=\"720\" height=\"443\" srcset=\"https:\/\/www.turismoslovacchia.it\/wp-content\/uploads\/devin-cast_Pavlin-Ines@wiki.jpg 720w, https:\/\/www.turismoslovacchia.it\/wp-content\/uploads\/devin-cast_Pavlin-Ines@wiki-300x185.jpg 300w, https:\/\/www.turismoslovacchia.it\/wp-content\/uploads\/devin-cast_Pavlin-Ines@wiki-600x369.jpg 600w, https:\/\/www.turismoslovacchia.it\/wp-content\/uploads\/devin-cast_Pavlin-Ines@wiki-400x246.jpg 400w, https:\/\/www.turismoslovacchia.it\/wp-content\/uploads\/devin-cast_Pavlin-Ines@wiki-100x62.jpg 100w, https:\/\/www.turismoslovacchia.it\/wp-content\/uploads\/devin-cast_Pavlin-Ines@wiki-200x123.jpg 200w, https:\/\/www.turismoslovacchia.it\/wp-content\/uploads\/devin-cast_Pavlin-Ines@wiki-150x92.jpg 150w\" sizes=\"(max-width: 720px) 100vw, 720px\" \/><\/a><\/p>\n<p style=\"text-align: justify;\"><a href=\"http:\/\/www.turismoslovacchia.it\/wp-content\/uploads\/Devin-castello_squicker-1398854542.jpg\" data-rel=\"lightbox-gallery-sxqP5hyb\" data-rl_title=\"\" data-rl_caption=\"\" title=\"\"><img decoding=\"async\" loading=\"lazy\" class=\"alignnone wp-image-3837\" src=\"http:\/\/www.turismoslovacchia.it\/wp-content\/uploads\/Devin-castello_squicker-1398854542.jpg\" alt=\"Devin-castello_(squicker-1398854542)\" width=\"720\" height=\"443\" srcset=\"https:\/\/www.turismoslovacchia.it\/wp-content\/uploads\/Devin-castello_squicker-1398854542.jpg 520w, https:\/\/www.turismoslovacchia.it\/wp-content\/uploads\/Devin-castello_squicker-1398854542-300x185.jpg 300w, https:\/\/www.turismoslovacchia.it\/wp-content\/uploads\/Devin-castello_squicker-1398854542-400x246.jpg 400w, https:\/\/www.turismoslovacchia.it\/wp-content\/uploads\/Devin-castello_squicker-1398854542-100x62.jpg 100w, https:\/\/www.turismoslovacchia.it\/wp-content\/uploads\/Devin-castello_squicker-1398854542-200x123.jpg 200w, https:\/\/www.turismoslovacchia.it\/wp-content\/uploads\/Devin-castello_squicker-1398854542-150x92.jpg 150w\" sizes=\"(max-width: 720px) 100vw, 720px\" \/><\/a><\/p>\n<p>&nbsp;<\/p>\n<p style=\"text-align: justify;\">Grazie all\u2019essere molto facile da raggiungere dal centro storico di Bratislava, il castello di Dev\u00edn \u00e8 regolarmente visitato da molti turisti tutto l\u2019anno.<\/p>\n<p style=\"text-align: justify;\"><a href=\"http:\/\/www.turismoslovacchia.it\/wp-content\/uploads\/devin-cast_Helaq.jpg\" data-rel=\"lightbox-gallery-sxqP5hyb\" data-rl_title=\"\" data-rl_caption=\"\" title=\"\"><img decoding=\"async\" loading=\"lazy\" class=\"alignnone size-full wp-image-6569\" src=\"http:\/\/www.turismoslovacchia.it\/wp-content\/uploads\/devin-cast_Helaq.jpg\" alt=\"devin-cast_helaq\" width=\"720\" height=\"443\" srcset=\"https:\/\/www.turismoslovacchia.it\/wp-content\/uploads\/devin-cast_Helaq.jpg 720w, https:\/\/www.turismoslovacchia.it\/wp-content\/uploads\/devin-cast_Helaq-300x185.jpg 300w, https:\/\/www.turismoslovacchia.it\/wp-content\/uploads\/devin-cast_Helaq-600x369.jpg 600w, https:\/\/www.turismoslovacchia.it\/wp-content\/uploads\/devin-cast_Helaq-400x246.jpg 400w, https:\/\/www.turismoslovacchia.it\/wp-content\/uploads\/devin-cast_Helaq-100x62.jpg 100w, https:\/\/www.turismoslovacchia.it\/wp-content\/uploads\/devin-cast_Helaq-200x123.jpg 200w, https:\/\/www.turismoslovacchia.it\/wp-content\/uploads\/devin-cast_Helaq-150x92.jpg 150w\" sizes=\"(max-width: 720px) 100vw, 720px\" \/><\/a><\/p>\n<p style=\"text-align: justify;\"><a href=\"http:\/\/www.turismoslovacchia.it\/wp-content\/uploads\/devin-cast_Radovan-Bahna_CC0.jpg\" data-rel=\"lightbox-gallery-sxqP5hyb\" data-rl_title=\"\" data-rl_caption=\"\" title=\"\"><img decoding=\"async\" loading=\"lazy\" class=\"alignnone size-full wp-image-7036\" src=\"http:\/\/www.turismoslovacchia.it\/wp-content\/uploads\/devin-cast_Radovan-Bahna_CC0.jpg\" alt=\"devin-cast_radovan-bahna_cc0\" width=\"720\" height=\"443\" srcset=\"https:\/\/www.turismoslovacchia.it\/wp-content\/uploads\/devin-cast_Radovan-Bahna_CC0.jpg 720w, https:\/\/www.turismoslovacchia.it\/wp-content\/uploads\/devin-cast_Radovan-Bahna_CC0-300x185.jpg 300w, https:\/\/www.turismoslovacchia.it\/wp-content\/uploads\/devin-cast_Radovan-Bahna_CC0-600x369.jpg 600w, https:\/\/www.turismoslovacchia.it\/wp-content\/uploads\/devin-cast_Radovan-Bahna_CC0-400x246.jpg 400w, https:\/\/www.turismoslovacchia.it\/wp-content\/uploads\/devin-cast_Radovan-Bahna_CC0-100x62.jpg 100w, https:\/\/www.turismoslovacchia.it\/wp-content\/uploads\/devin-cast_Radovan-Bahna_CC0-200x123.jpg 200w, https:\/\/www.turismoslovacchia.it\/wp-content\/uploads\/devin-cast_Radovan-Bahna_CC0-150x92.jpg 150w\" sizes=\"(max-width: 720px) 100vw, 720px\" \/><\/a><\/p>\n<p><a href=\"http:\/\/www.turismoslovacchia.it\/wp-content\/uploads\/devin-cast_verzo-nc-nd.jpg\" data-rel=\"lightbox-gallery-sxqP5hyb\" data-rl_title=\"\" data-rl_caption=\"\" title=\"\"><img decoding=\"async\" loading=\"lazy\" class=\"alignnone size-full wp-image-7037\" src=\"http:\/\/www.turismoslovacchia.it\/wp-content\/uploads\/devin-cast_verzo-nc-nd.jpg\" alt=\"devin-cast_verzo-nc-nd\" width=\"720\" height=\"443\" srcset=\"https:\/\/www.turismoslovacchia.it\/wp-content\/uploads\/devin-cast_verzo-nc-nd.jpg 720w, https:\/\/www.turismoslovacchia.it\/wp-content\/uploads\/devin-cast_verzo-nc-nd-300x185.jpg 300w, https:\/\/www.turismoslovacchia.it\/wp-content\/uploads\/devin-cast_verzo-nc-nd-600x369.jpg 600w, https:\/\/www.turismoslovacchia.it\/wp-content\/uploads\/devin-cast_verzo-nc-nd-400x246.jpg 400w, https:\/\/www.turismoslovacchia.it\/wp-content\/uploads\/devin-cast_verzo-nc-nd-100x62.jpg 100w, https:\/\/www.turismoslovacchia.it\/wp-content\/uploads\/devin-cast_verzo-nc-nd-200x123.jpg 200w, https:\/\/www.turismoslovacchia.it\/wp-content\/uploads\/devin-cast_verzo-nc-nd-150x92.jpg 150w\" sizes=\"(max-width: 720px) 100vw, 720px\" \/><\/a><\/p>\n<p><a href=\"http:\/\/www.turismoslovacchia.it\/wp-content\/uploads\/devin-castello_dayseraph-3676303939.jpg\" data-rel=\"lightbox-gallery-sxqP5hyb\" data-rl_title=\"\" data-rl_caption=\"\" title=\"\"><img decoding=\"async\" loading=\"lazy\" class=\"alignnone wp-image-3843\" src=\"http:\/\/www.turismoslovacchia.it\/wp-content\/uploads\/devin-castello_dayseraph-3676303939.jpg\" alt=\"devin-castello_(dayseraph-3676303939)\" width=\"720\" height=\"443\" srcset=\"https:\/\/www.turismoslovacchia.it\/wp-content\/uploads\/devin-castello_dayseraph-3676303939.jpg 520w, https:\/\/www.turismoslovacchia.it\/wp-content\/uploads\/devin-castello_dayseraph-3676303939-300x185.jpg 300w, https:\/\/www.turismoslovacchia.it\/wp-content\/uploads\/devin-castello_dayseraph-3676303939-400x246.jpg 400w, https:\/\/www.turismoslovacchia.it\/wp-content\/uploads\/devin-castello_dayseraph-3676303939-100x62.jpg 100w, https:\/\/www.turismoslovacchia.it\/wp-content\/uploads\/devin-castello_dayseraph-3676303939-200x123.jpg 200w, https:\/\/www.turismoslovacchia.it\/wp-content\/uploads\/devin-castello_dayseraph-3676303939-150x92.jpg 150w\" sizes=\"(max-width: 720px) 100vw, 720px\" \/><\/a><\/p>\n<p style=\"text-align: justify;\"><img decoding=\"async\" loading=\"lazy\" class=\"alignnone \" src=\"https:\/\/upload.wikimedia.org\/wikipedia\/commons\/thumb\/0\/04\/Canaletto_%28I%29_065.jpg\/1200px-Canaletto_%28I%29_065.jpg\" alt=\"\" width=\"720\" height=\"451\" \/><br \/>\n<span style=\"color: #808080;\"><em>Bernardo Bellotto, Le rovine di Devin (1758-1761),\u00a0Kunsthistorisches Museum, Wien\u00a0<\/em><\/span><br \/>\n<i><\/i><\/p>\n<h3 style=\"text-align: justify;\"><span style=\"color: #ffffff;\">.<\/span><br \/>\nInfo:<\/h3>\n<p style=\"text-align: justify;\"><strong>Localit\u00e0: Bratislava-Dev\u00edn, distretto di Bratislava, regione di Bratislava<\/strong><\/p>\n<p style=\"text-align: justify;\"><strong>Indirizzo<\/strong>:<br \/>\nMur\u00e1nska ulica, 841 10 Bratislava-Dev\u00edn<br \/>\nTel. +421 <i>2<\/i> 65 73 01 05<br \/>\nE-mail\u00a0<a href=\"mailto:hrad.devin@centrum.sk\">hrad.devin@centrum.sk<\/a>, <a href=\"mailto:mmba@bratislava.sk\">mmba@bratislava.sk<\/a><br \/>\nWeb\u00a0<a>www.muzeum.bratislava.sk<\/a><\/p>\n<p style=\"text-align: justify;\">Orari di apertura:<br \/>\nAprile e ottobre: tutti i giorni 10:00-17:00<br \/>\nDa maggio a settembre: lun-ven 10:00-18:00, sab-dom 10:00-19:00<\/p>\n<p>&nbsp;<\/p>\n<p><iframe loading=\"lazy\" style=\"border: 0;\" src=\"https:\/\/www.google.com\/maps\/embed?pb=!1m18!1m12!1m3!1d1582.0841979342613!2d16.97888440145041!3d48.17313329398712!2m3!1f0!2f0!3f0!3m2!1i1024!2i768!4f13.1!3m3!1m2!1s0x476cf4a5a0bf90a5%3A0x804b96771b8033b2!2sDev%C3%ADn+Castle!5e0!3m2!1sen!2sus!4v1482004337245\" width=\"720\" height=\"400\" frameborder=\"0\" allowfullscreen=\"allowfullscreen\"><\/iframe><\/p>\n<p><iframe loading=\"lazy\" style=\"border: 0;\" src=\"https:\/\/www.google.com\/maps\/embed?pb=!1m0!3m2!1sen!2sus!4v1482004406740!6m8!1m7!1sXKLOy45F0CeY9F0ByQzNpA!2m2!1d48.17535624356326!2d16.97921862702444!3f224.10880851402254!4f6.64131411815697!5f0.7820865974627469\" width=\"720\" height=\"400\" frameborder=\"0\" allowfullscreen=\"allowfullscreen\"><\/iframe><\/p>\n<p>&nbsp;<\/p>\n<hr \/>\n<h4><span style=\"color: #808080;\">Photo credits:<br \/>\n<\/span><\/h4>\n<div style=\"background: #eeeeee; border: 1px solid #cccccc; padding: 5px 10px;\"><span style=\"color: #808080;\"><em><a style=\"color: #808080;\" href=\"http:\/\/commons.wikimedia.org\/wiki\/File:Dev%C3%ADnsky_hrad01.jpg?uselang=it\">Lure<\/a> cc-by-sa, <a style=\"color: #808080;\" href=\"http:\/\/www.panoramio.com\/photo\/22493665\">adirricor<\/a> cc-by,\u00a0<a style=\"color: #808080;\" href=\"http:\/\/www.panoramio.com\/photo\/117807846\">Elena \u0160eligova<\/a> cc-by-nd, <a style=\"color: #808080;\" href=\"https:\/\/pixabay.com\/en\/castle-devin-bratislava-slovakia-143992\/\">bissartig<\/a>\/CC0,\u00a0<a style=\"color: #808080;\" href=\"http:\/\/www.panoramio.com\/photo\/67738352\">Mister NO<\/a> cc-by, <a style=\"color: #808080;\" href=\"https:\/\/www.panoramio.com\/photo\/131570323\">Zbigniew Lubecki<\/a> cc-by-nc-nd,\u00a0<a style=\"color: #808080;\" href=\"http:\/\/www.flickr.com\/photos\/access\/77557780\/\">Jerzy Kociatkiewicz<\/a> cc-by, <a class=\"wp-links-icon\" style=\"color: #808080;\" href=\"https:\/\/www.flickr.com\/photos\/strassederkaiserundkoenige\/12770142264\/\" target=\"_blank\" rel=\"external nofollow noopener noreferrer\">Bratislava Tourist Board &#8211; strassederkaiserundkoenige<\/a>\u00a0cc-by-nc-nd,\u00a0<a style=\"color: #808080;\" href=\"https:\/\/www.flickr.com\/photos\/40986603@N02\/18654493841\">Steve Valasek<\/a> cc-by-nc-nd, <a style=\"color: #808080;\" href=\"https:\/\/commons.wikimedia.org\/wiki\/File:Grad_Devin.jpg\" data-rel=\"lightbox-gallery-sxqP5hyb\" data-rl_title=\"\" data-rl_caption=\"\" title=\"\">Pavlin Ines<\/a> cc-by-sa,\u00a0<a style=\"color: #808080;\" href=\"https:\/\/www.flickr.com\/photos\/squicker\/1398854542\/\" target=\"_blank\" rel=\"noopener noreferrer\">squicker<\/a>\u00a0cc-by-nc-nd,\u00a0<a style=\"color: #808080;\" href=\"http:\/\/www.panoramio.com\/photo\/64585025\">Helaq<\/a> cc-by-nc-nd, <a style=\"color: #808080;\" href=\"https:\/\/commons.wikimedia.org\/wiki\/File:Slovakia-Devin_castle3.JPG\" data-rel=\"lightbox-gallery-sxqP5hyb\" data-rl_title=\"\" data-rl_caption=\"\" title=\"\">Radovan Bahna<\/a>\/CC0, <a style=\"color: #808080;\" href=\"https:\/\/www.flickr.com\/photos\/8796022@N07\/6123442565\">Roberto Verzo<\/a> cc-by-nc-nd, <a style=\"color: #808080;\" href=\"https:\/\/www.flickr.com\/photos\/dayseraph\/3676303939\">dayseraph<\/a> cc-by-nc-nd, <a style=\"color: #808080;\" href=\"https:\/\/commons.wikimedia.org\/wiki\/File:Canaletto_(I)_065.jpg\" data-rel=\"lightbox-gallery-sxqP5hyb\" data-rl_title=\"\" data-rl_caption=\"\" title=\"\">Kunsthistorisches Museum, Wien<\/a>\/CC0<\/em><\/span><\/div>\n<p>&nbsp;<\/p>\n","protected":false},"excerpt":{"rendered":"<p>&nbsp; Situato sopra la confluenza dei fiumi Danubio e Morava, a 212 metri di altezza e pochi chilometri da Bratislava, il Castello di Dev\u00edn ha sempre giocato un ruolo importante nella storia del paese, per il controllo dell\u2019importante via commerciale rappresentata dal Danubio. &nbsp; Qui si trovano tracce dei pi\u00f9 antichi insediamenti sul territorio slovacco [&hellip;]<\/p>\n","protected":false},"author":2,"featured_media":7034,"parent":5642,"menu_order":0,"comment_status":"closed","ping_status":"closed","template":"","meta":[],"aioseo_notices":[],"jetpack_sharing_enabled":true,"jetpack-related-posts":[{"id":2364,"url":"https:\/\/www.turismoslovacchia.it\/?page_id=2364","url_meta":{"origin":7030,"position":0},"title":"Le regioni turistiche: Bratislava (e i Piccoli Carpazi)","date":"1 Febbraio 2014","format":false,"excerpt":"La regione turistica di Bratislava (Bratislavsk\u00fd), quasi corrispondente alla regione amministrativa (Bratislavsk\u00fd kraj) comprende la capitale e il territorio al di sotto dei Piccoli Carpazi. Include i distretti di Bratislava 1, 2, 3, 4, e 5, Pezinok, parte di Senec, parte di Malacky. La regione di Bratislava si trova nel\u2026","rel":"","context":"In \"Bratislava\"","img":{"alt_text":"","src":"https:\/\/i0.wp.com\/www.turismoslovacchia.it\/wp-content\/uploads\/devin-cast_valasek-nc-nd.jpg?resize=350%2C200&ssl=1","width":350,"height":200},"classes":[]},{"id":5642,"url":"https:\/\/www.turismoslovacchia.it\/?page_id=5642","url_meta":{"origin":7030,"position":1},"title":"I castelli della Slovacchia","date":"21 Agosto 2015","format":false,"excerpt":"Avete mai sentito parlare di castelli slovacchi? Non sapete che la Slovacchia \u00e8 uno dei paesi con la maggiore concentrazione di castelli in Europa e nel mondo?\u00a0Le ragioni sono tante, tra le quali l'essere stata terra di passaggio di molte invasioni, l'avere contribuito a fermare\u00a0gli Ottomani nella loro conquista dell'Europa\u2026","rel":"","context":"In \"Albertina\"","img":{"alt_text":"","src":"https:\/\/i0.wp.com\/www.turismoslovacchia.it\/wp-content\/uploads\/spis-castl_Bjalek-Spis11.JPG_wikimedia.jpg?resize=350%2C200&ssl=1","width":350,"height":200},"classes":[]},{"id":2249,"url":"https:\/\/www.turismoslovacchia.it\/?page_id=2249","url_meta":{"origin":7030,"position":2},"title":"Cicloturismo a Bratislava e nei dintorni","date":"15 Agosto 2013","format":false,"excerpt":"Non \u00e8 necessario allontanarsi molto dalla capitale della Slovacchia per trovare piste ciclabili ideali, che attraversano prati, boschi o danno l\u2019adrenalina della montagna. La vicinanza dei fiumi Danubio e Morava crea ottime condizioni per usare la bicicletta vicino alla citt\u00e0. Se si cercano piste pi\u00f9 appartate e natura incontaminata di\u2026","rel":"","context":"In \"Bratislava\"","img":{"alt_text":"","src":"https:\/\/i0.wp.com\/www.turismoslovacchia.it\/wp-content\/uploads\/bicicletta-cicloturismo_sheffield_tiger_4737001772@flickr_CC-BY.jpg?resize=350%2C200&ssl=1","width":350,"height":200},"classes":[]},{"id":2018,"url":"https:\/\/www.turismoslovacchia.it\/?page_id=2018","url_meta":{"origin":7030,"position":3},"title":"Itinerario cicloturistico sul Danubio II. \u2013 Da Bratislava a Topo\u013e\u010dianky","date":"1 Agosto 2013","format":false,"excerpt":"Questo itinerario segue in parte la ciclabile slovacca del Danubio con inizio da Bratislava fino a Komarno, e poi svolta verso nord, dirigendosi, attraverso un paesaggio arricchito da bagni termali e un giardino botanico, a Topo\u013e\u010dianky - residenza estiva dei presidenti cecoslovacchi. Giorno 1: Bratislava \u00a0- Gab\u010d\u00edkovo, 58 km Il\u2026","rel":"","context":"In \"archeologia\"","img":{"alt_text":"","src":"https:\/\/i0.wp.com\/www.turismoslovacchia.it\/wp-content\/uploads\/Castello-Topolcianky_ptnik-89646147@panoramio1.jpg?resize=350%2C200&ssl=1","width":350,"height":200},"classes":[]},{"id":7130,"url":"https:\/\/www.turismoslovacchia.it\/?page_id=7130","url_meta":{"origin":7030,"position":4},"title":"Castello di Bratislava","date":"27 Dicembre 2016","format":false,"excerpt":"\u00a0 L\u2019imponente edificio rettangolare con quattro torri angolari del castello di Bratislava (Bratislavsk\u00fd hrad) sorge su un luogo strategico, sulla roccia che domina, da 85 metri di altezza, il fiume Danubio che scorre nella capitale della Slovacchia e la Citt\u00e0 Vecchia (Star\u00e9 mesto). Simbolo di Bratislava, il castello \u00e8 senza\u2026","rel":"","context":"In \"Bratislava\"","img":{"alt_text":"","src":"https:\/\/i0.wp.com\/www.turismoslovacchia.it\/wp-content\/uploads\/bratis-cast_Bratislava-Tourist-Board_strassederkaiserundkoenige@flikr.jpg?resize=350%2C200&ssl=1","width":350,"height":200},"classes":[]},{"id":22,"url":"https:\/\/www.turismoslovacchia.it\/?page_id=22","url_meta":{"origin":7030,"position":5},"title":"La Slovacchia","date":"9 Ottobre 2010","format":false,"excerpt":"La Slovacchia \u00e8 un paese indipendente dal 1993, dopo la divisione della ex Cecoslovacchia. La sua adesione all'Unione Europea nel 2004 ha visto il culmine di cambiamenti democratici nel paese e ha assicurato la sua posizione tra le fila degli Stati europei democratici. La Slovacchia \u00e8 un paese piccolo e\u2026","rel":"","context":"Articolo simile","img":{"alt_text":"","src":"https:\/\/i0.wp.com\/www.turismoslovacchia.it\/wp-content\/uploads\/Liptov_Martin-Stojka@flickr_redcrop.jpg?resize=350%2C200","width":350,"height":200},"classes":[]}],"jetpack_shortlink":"https:\/\/wp.me\/P1oiY9-1Po","_links":{"self":[{"href":"https:\/\/www.turismoslovacchia.it\/index.php?rest_route=\/wp\/v2\/pages\/7030"}],"collection":[{"href":"https:\/\/www.turismoslovacchia.it\/index.php?rest_route=\/wp\/v2\/pages"}],"about":[{"href":"https:\/\/www.turismoslovacchia.it\/index.php?rest_route=\/wp\/v2\/types\/page"}],"author":[{"embeddable":true,"href":"https:\/\/www.turismoslovacchia.it\/index.php?rest_route=\/wp\/v2\/users\/2"}],"replies":[{"embeddable":true,"href":"https:\/\/www.turismoslovacchia.it\/index.php?rest_route=%2Fwp%2Fv2%2Fcomments&post=7030"}],"version-history":[{"count":1,"href":"https:\/\/www.turismoslovacchia.it\/index.php?rest_route=\/wp\/v2\/pages\/7030\/revisions"}],"predecessor-version":[{"id":8067,"href":"https:\/\/www.turismoslovacchia.it\/index.php?rest_route=\/wp\/v2\/pages\/7030\/revisions\/8067"}],"up":[{"embeddable":true,"href":"https:\/\/www.turismoslovacchia.it\/index.php?rest_route=\/wp\/v2\/pages\/5642"}],"wp:featuredmedia":[{"embeddable":true,"href":"https:\/\/www.turismoslovacchia.it\/index.php?rest_route=\/wp\/v2\/media\/7034"}],"wp:attachment":[{"href":"https:\/\/www.turismoslovacchia.it\/index.php?rest_route=%2Fwp%2Fv2%2Fmedia&parent=7030"}],"curies":[{"name":"wp","href":"https:\/\/api.w.org\/{rel}","templated":true}]}}