{"id":3214,"date":"2014-02-09T13:50:33","date_gmt":"2014-02-09T12:50:33","guid":{"rendered":"http:\/\/www.turismoslovacchia.it\/?page_id=3214"},"modified":"2016-12-29T00:42:13","modified_gmt":"2016-12-28T23:42:13","slug":"le-regioni-turistiche-gemer-e-malohont-gemersky","status":"publish","type":"page","link":"https:\/\/www.turismoslovacchia.it\/?page_id=3214","title":{"rendered":"Le regioni turistiche: Gemer e Malohont (Gemersk\u00fd)"},"content":{"rendered":"<p style=\"text-align: justify;\"><em>La regione turistica chiamata Gemersk\u00fd \u00e8 parte della Regione autonoma di Bansk\u00e1 Bystrica (Banskobystrick\u00fd kraj) e comprende i distretti di Rimavsk\u00e1 Sobota, Rev\u00faca e parte di Ro\u017e\u0148ava.<\/em><\/p>\n<p style=\"text-align: justify;\"><a href=\"http:\/\/www.turismoslovacchia.it\/?attachment_id=3314\" rel=\"attachment wp-att-3314\"><br \/>\n<\/a><a href=\"http:\/\/www.turismoslovacchia.it\/wp-content\/uploads\/Krasna-Horka-ubertinodecasale_skyscrapercity.com_.jpg\" rel=\"attachment wp-att-3314\" data-rel=\"lightbox-gallery-b21S8aEk\" data-rl_title=\"\" data-rl_caption=\"\"><img decoding=\"async\" loading=\"lazy\" class=\"alignnone wp-image-3314\" title=\"\" src=\"http:\/\/www.turismoslovacchia.it\/wp-content\/uploads\/Krasna-Horka-ubertinodecasale_skyscrapercity.com_.jpg\" width=\"720\" height=\"360\" srcset=\"https:\/\/www.turismoslovacchia.it\/wp-content\/uploads\/Krasna-Horka-ubertinodecasale_skyscrapercity.com_.jpg 520w, https:\/\/www.turismoslovacchia.it\/wp-content\/uploads\/Krasna-Horka-ubertinodecasale_skyscrapercity.com_-300x150.jpg 300w, https:\/\/www.turismoslovacchia.it\/wp-content\/uploads\/Krasna-Horka-ubertinodecasale_skyscrapercity.com_-400x200.jpg 400w, https:\/\/www.turismoslovacchia.it\/wp-content\/uploads\/Krasna-Horka-ubertinodecasale_skyscrapercity.com_-100x50.jpg 100w, https:\/\/www.turismoslovacchia.it\/wp-content\/uploads\/Krasna-Horka-ubertinodecasale_skyscrapercity.com_-200x100.jpg 200w, https:\/\/www.turismoslovacchia.it\/wp-content\/uploads\/Krasna-Horka-ubertinodecasale_skyscrapercity.com_-150x75.jpg 150w\" sizes=\"(max-width: 720px) 100vw, 720px\" \/><br \/>\n<\/a><span style=\"color: #888888;\"><em>Castello di Kr\u00e1sna H\u00f4rka (Ubertino de Casale@skyscrapercity.com)<\/em><\/span><\/p>\n<p style=\"text-align: justify;\">Il territorio di <strong>Gemer<\/strong> si trova nel sud della Slovacchia centrale. Dal XIX secolo al suo territorio \u00e8 stata annessa anche la regione di <strong>Malohont<\/strong>, che ha il suo centro nella cittadina di <strong>Rimavsk\u00e1 Sobota<\/strong>. Gemer \/ G\u00f6m\u00f6r \u00e8 una delle pi\u00f9 antiche contee del Regno d&#8217;Ungheria, menzionata gi\u00e0 nell\u2019XI secolo. Gemer, insieme a Orava e Liptov, \u00e8 tra le pi\u00f9 belle regioni turistiche in Slovacchia. \u00c8 per\u00f2 anche la regione pi\u00f9 povera del paese, con una disoccupazione che in alcune zone raggiunge il 25% della popolazione attiva.<\/p>\n<p style=\"text-align: justify;\">Una parte del Parco nazionale di <strong>Slovensk\u00fd raj<\/strong> si trova nel nord della regione di Gemer e confina con il <a href=\"http:\/\/www.turismoslovacchia.it\/?page_id=4126\"><strong>Parco nazionale di Mur\u00e1nska Planina<\/strong><\/a>, dove si trovano innumerevoli specie vegetali e animali a rischio estinzione e un rilievo carsico unico nel suo genere. Il <strong>Parco nazionale di Slovensk\u00fd kras<\/strong>, situato nella parte meridionale e sud-orientale di Gemer, \u00e8 stato riconosciuto appena una decina di anni fa, nel 2002. Le sue numerose grotte e voragini sono incluse nel Patrimonio mondiale dell&#8217;UNESCO.<\/p>\n<p style=\"text-align: justify;\">Tra i monumenti di interesse storico vanno ricordati in particolare i castelli (<strong>Kr\u00e1sna H\u00f4rka<\/strong>) o le loro rovine (<strong>Mur\u00e1\u0148<\/strong>), le numerose case padronali (quella di <strong>Betliar<\/strong> \u00e8 senz\u2019altro la pi\u00f9 degna di nota) e molte chiese sparse lungo la <strong><a href=\"http:\/\/www.turismoslovacchia.it\/?page_id=3378\">Via Gotica<\/a><\/strong>.<\/p>\n<p style=\"text-align: justify;\"><a href=\"http:\/\/www.turismoslovacchia.it\/?attachment_id=3312\" rel=\"attachment wp-att-3312\"><br \/>\n<\/a><a href=\"http:\/\/www.turismoslovacchia.it\/wp-content\/uploads\/Gemer_lago-Palcmanska-Masa_Wikimedia.jpg\" rel=\"attachment wp-att-3312\" data-rel=\"lightbox-gallery-b21S8aEk\" data-rl_title=\"\" data-rl_caption=\"\"><img decoding=\"async\" loading=\"lazy\" class=\"alignnone wp-image-3312\" title=\"\" src=\"http:\/\/www.turismoslovacchia.it\/wp-content\/uploads\/Gemer_lago-Palcmanska-Masa_Wikimedia.jpg\" width=\"720\" height=\"443\" srcset=\"https:\/\/www.turismoslovacchia.it\/wp-content\/uploads\/Gemer_lago-Palcmanska-Masa_Wikimedia.jpg 520w, https:\/\/www.turismoslovacchia.it\/wp-content\/uploads\/Gemer_lago-Palcmanska-Masa_Wikimedia-300x185.jpg 300w, https:\/\/www.turismoslovacchia.it\/wp-content\/uploads\/Gemer_lago-Palcmanska-Masa_Wikimedia-400x246.jpg 400w, https:\/\/www.turismoslovacchia.it\/wp-content\/uploads\/Gemer_lago-Palcmanska-Masa_Wikimedia-100x62.jpg 100w, https:\/\/www.turismoslovacchia.it\/wp-content\/uploads\/Gemer_lago-Palcmanska-Masa_Wikimedia-200x123.jpg 200w, https:\/\/www.turismoslovacchia.it\/wp-content\/uploads\/Gemer_lago-Palcmanska-Masa_Wikimedia-150x92.jpg 150w\" sizes=\"(max-width: 720px) 100vw, 720px\" \/><br \/>\n<\/a><span style=\"color: #888888;\"><em>Gemer,\u00a0Palcmansk\u00e1 Ma\u0161a\u00a0(Szeder Laszlo@Wikimedia)<\/em><\/span><\/p>\n<p style=\"text-align: justify;\"><a href=\"http:\/\/www.turismoslovacchia.it\/wp-content\/uploads\/grotta-Domica-jaskyna_Wikimedia.jpg\" rel=\"attachment wp-att-3313\" data-rel=\"lightbox-gallery-b21S8aEk\" data-rl_title=\"\" data-rl_caption=\"\"><img decoding=\"async\" loading=\"lazy\" class=\"alignnone wp-image-3313\" title=\"\" src=\"http:\/\/www.turismoslovacchia.it\/wp-content\/uploads\/grotta-Domica-jaskyna_Wikimedia.jpg\" width=\"720\" height=\"443\" srcset=\"https:\/\/www.turismoslovacchia.it\/wp-content\/uploads\/grotta-Domica-jaskyna_Wikimedia.jpg 520w, https:\/\/www.turismoslovacchia.it\/wp-content\/uploads\/grotta-Domica-jaskyna_Wikimedia-300x185.jpg 300w, https:\/\/www.turismoslovacchia.it\/wp-content\/uploads\/grotta-Domica-jaskyna_Wikimedia-400x246.jpg 400w, https:\/\/www.turismoslovacchia.it\/wp-content\/uploads\/grotta-Domica-jaskyna_Wikimedia-100x62.jpg 100w, https:\/\/www.turismoslovacchia.it\/wp-content\/uploads\/grotta-Domica-jaskyna_Wikimedia-200x123.jpg 200w, https:\/\/www.turismoslovacchia.it\/wp-content\/uploads\/grotta-Domica-jaskyna_Wikimedia-150x92.jpg 150w\" sizes=\"(max-width: 720px) 100vw, 720px\" \/><br \/>\n<\/a><span style=\"color: #888888;\"><em>Jasky\u0148a Domica\u00a0(Jojo@Wikimedia)<\/em><\/span><\/p>\n<p style=\"text-align: justify;\"><a href=\"http:\/\/www.turismoslovacchia.it\/wp-content\/uploads\/Grotta-di-ghiaccio-di-Dobsina-fonte-Gemer-org.jpg\" rel=\"attachment wp-att-631\" data-rel=\"lightbox-gallery-b21S8aEk\" data-rl_title=\"\" data-rl_caption=\"\"><img decoding=\"async\" loading=\"lazy\" class=\"alignnone wp-image-631\" title=\"\" src=\"http:\/\/www.turismoslovacchia.it\/wp-content\/uploads\/Grotta-di-ghiaccio-di-Dobsina-fonte-Gemer-org.jpg\" width=\"720\" height=\"461\" srcset=\"https:\/\/www.turismoslovacchia.it\/wp-content\/uploads\/Grotta-di-ghiaccio-di-Dobsina-fonte-Gemer-org.jpg 800w, https:\/\/www.turismoslovacchia.it\/wp-content\/uploads\/Grotta-di-ghiaccio-di-Dobsina-fonte-Gemer-org-300x192.jpg 300w, https:\/\/www.turismoslovacchia.it\/wp-content\/uploads\/Grotta-di-ghiaccio-di-Dobsina-fonte-Gemer-org-600x384.jpg 600w, https:\/\/www.turismoslovacchia.it\/wp-content\/uploads\/Grotta-di-ghiaccio-di-Dobsina-fonte-Gemer-org-400x256.jpg 400w, https:\/\/www.turismoslovacchia.it\/wp-content\/uploads\/Grotta-di-ghiaccio-di-Dobsina-fonte-Gemer-org-100x64.jpg 100w, https:\/\/www.turismoslovacchia.it\/wp-content\/uploads\/Grotta-di-ghiaccio-di-Dobsina-fonte-Gemer-org-195x125.jpg 195w, https:\/\/www.turismoslovacchia.it\/wp-content\/uploads\/Grotta-di-ghiaccio-di-Dobsina-fonte-Gemer-org-150x96.jpg 150w\" sizes=\"(max-width: 720px) 100vw, 720px\" \/><br \/>\n<\/a><span style=\"color: #888888;\"><em>Dob\u0161insk\u00e1 \u013eadov\u00e1 jasky\u0148a (gemer.org)<\/em><\/span><\/p>\n<p style=\"text-align: justify;\"><a href=\"http:\/\/www.turismoslovacchia.it\/wp-content\/uploads\/Slovensky-raj_Paradiso-slovacco_sulelk-2635832551@flickr.jpg\" rel=\"attachment wp-att-1725\" data-rel=\"lightbox-gallery-b21S8aEk\" data-rl_title=\"\" data-rl_caption=\"\"><img decoding=\"async\" loading=\"lazy\" class=\"alignnone wp-image-1725\" title=\"\" src=\"http:\/\/www.turismoslovacchia.it\/wp-content\/uploads\/Slovensky-raj_Paradiso-slovacco_sulelk-2635832551@flickr.jpg\" width=\"722\" height=\"444\" srcset=\"https:\/\/www.turismoslovacchia.it\/wp-content\/uploads\/Slovensky-raj_Paradiso-slovacco_sulelk-2635832551@flickr.jpg 520w, https:\/\/www.turismoslovacchia.it\/wp-content\/uploads\/Slovensky-raj_Paradiso-slovacco_sulelk-2635832551@flickr-300x185.jpg 300w, https:\/\/www.turismoslovacchia.it\/wp-content\/uploads\/Slovensky-raj_Paradiso-slovacco_sulelk-2635832551@flickr-400x246.jpg 400w, https:\/\/www.turismoslovacchia.it\/wp-content\/uploads\/Slovensky-raj_Paradiso-slovacco_sulelk-2635832551@flickr-100x62.jpg 100w, https:\/\/www.turismoslovacchia.it\/wp-content\/uploads\/Slovensky-raj_Paradiso-slovacco_sulelk-2635832551@flickr-200x123.jpg 200w, https:\/\/www.turismoslovacchia.it\/wp-content\/uploads\/Slovensky-raj_Paradiso-slovacco_sulelk-2635832551@flickr-150x92.jpg 150w\" sizes=\"(max-width: 722px) 100vw, 722px\" \/><br \/>\n<\/a><span style=\"color: #888888;\"><em>Parco nazionale Slovensk\u00fd raj (Sulelk@flickr)<\/em><\/span><\/p>\n<p style=\"text-align: justify;\"><a href=\"http:\/\/www.turismoslovacchia.it\/wp-content\/uploads\/Slovensky-raj_Paradiso-slovac_Sulelk_236653430@flickr.jpg\" rel=\"attachment wp-att-3317\" data-rel=\"lightbox-gallery-b21S8aEk\" data-rl_title=\"\" data-rl_caption=\"\"><img decoding=\"async\" loading=\"lazy\" class=\"alignnone wp-image-3317\" title=\"\" src=\"http:\/\/www.turismoslovacchia.it\/wp-content\/uploads\/Slovensky-raj_Paradiso-slovac_Sulelk_236653430@flickr.jpg\" width=\"720\" height=\"443\" srcset=\"https:\/\/www.turismoslovacchia.it\/wp-content\/uploads\/Slovensky-raj_Paradiso-slovac_Sulelk_236653430@flickr.jpg 520w, https:\/\/www.turismoslovacchia.it\/wp-content\/uploads\/Slovensky-raj_Paradiso-slovac_Sulelk_236653430@flickr-300x185.jpg 300w, https:\/\/www.turismoslovacchia.it\/wp-content\/uploads\/Slovensky-raj_Paradiso-slovac_Sulelk_236653430@flickr-400x246.jpg 400w, https:\/\/www.turismoslovacchia.it\/wp-content\/uploads\/Slovensky-raj_Paradiso-slovac_Sulelk_236653430@flickr-100x62.jpg 100w, https:\/\/www.turismoslovacchia.it\/wp-content\/uploads\/Slovensky-raj_Paradiso-slovac_Sulelk_236653430@flickr-200x123.jpg 200w, https:\/\/www.turismoslovacchia.it\/wp-content\/uploads\/Slovensky-raj_Paradiso-slovac_Sulelk_236653430@flickr-150x92.jpg 150w\" sizes=\"(max-width: 720px) 100vw, 720px\" \/><br \/>\n<\/a><span style=\"color: #888888;\"><em>Parco nazionale Slovensk\u00fd raj (Sulelk@flickr)<\/em><\/span><\/p>\n<h3 style=\"text-align: justify;\"><strong><em>Principali destinazioni turistiche in regione:<\/em> <\/strong><\/h3>\n<p style=\"text-align: justify;\"><em><strong>Citt\u00e0<\/strong><\/em>\u00a0\u2013 Centro storico di <strong>Ro\u017e\u0148ava<\/strong>.<\/p>\n<p style=\"text-align: justify;\"><em><strong>Castelli e monumenti<\/strong><\/em> \u2013 Castello di <strong>Kr\u00e1sna H\u00f4rka<\/strong>, monumento del patrimonio nazionale, ora in ristrutturazione dopo un incendio avvenuto nel 2012 che ne ha devastato gli interni e fatto collassare il tetto. Castello\/palazzo di <strong>Betliar<\/strong>, oggi museo nazionale, circondato da un grande parco inglese.\u00a0Rovine dei castelli di <strong>Gemer<\/strong>, oggi invaso dalla vegetazione, <strong>Mur\u00e1\u0148<\/strong>, con le mura conservate e una bella vista, e <strong>Ple\u0161ivec<\/strong> del quale rimane un muro dell\u2019antica rocca. Inoltre, a <strong>Rimavsk\u00e9 Janovce<\/strong> c\u2019\u00e8 una bella chiesa abbaziale romanica e nel villaggio di <strong>Kraskovo<\/strong> una suggestiva chiesa gotica della prima met\u00e0 del XIV\u00a0secolo, costruita sul sito di un precedente edificio, al cui\u00a0interno sono conservati pregevoli dipinti murali medievali.<\/p>\n<p style=\"text-align: justify;\"><a href=\"http:\/\/www.turismoslovacchia.it\/wp-content\/uploads\/Castello-KrasnaHorka_peterfenda-nc-nd.jpg\" data-rel=\"lightbox-gallery-b21S8aEk\" data-rl_title=\"\" data-rl_caption=\"\" title=\"\"><img decoding=\"async\" loading=\"lazy\" class=\"alignnone wp-image-6311\" src=\"http:\/\/www.turismoslovacchia.it\/wp-content\/uploads\/Castello-KrasnaHorka_peterfenda-nc-nd.jpg\" alt=\"Castello-KrasnaHorka_(peterfenda-nc-nd)\" width=\"719\" height=\"443\" srcset=\"https:\/\/www.turismoslovacchia.it\/wp-content\/uploads\/Castello-KrasnaHorka_peterfenda-nc-nd.jpg 720w, https:\/\/www.turismoslovacchia.it\/wp-content\/uploads\/Castello-KrasnaHorka_peterfenda-nc-nd-300x185.jpg 300w, https:\/\/www.turismoslovacchia.it\/wp-content\/uploads\/Castello-KrasnaHorka_peterfenda-nc-nd-600x369.jpg 600w, https:\/\/www.turismoslovacchia.it\/wp-content\/uploads\/Castello-KrasnaHorka_peterfenda-nc-nd-400x246.jpg 400w, https:\/\/www.turismoslovacchia.it\/wp-content\/uploads\/Castello-KrasnaHorka_peterfenda-nc-nd-100x62.jpg 100w, https:\/\/www.turismoslovacchia.it\/wp-content\/uploads\/Castello-KrasnaHorka_peterfenda-nc-nd-200x123.jpg 200w, https:\/\/www.turismoslovacchia.it\/wp-content\/uploads\/Castello-KrasnaHorka_peterfenda-nc-nd-150x92.jpg 150w\" sizes=\"(max-width: 719px) 100vw, 719px\" \/><br \/>\n<\/a><em><span style=\"color: #808080;\">Regione Gemer,\u00a0Castello di Kr\u00e1sna H\u00f4rka \u00a0<a style=\"color: #808080;\" href=\"https:\/\/www.flickr.com\/photos\/21376386@N07\/2400875552\">(Peter Fenda<\/a> cc-by-nc-nd)<\/span><\/em><\/p>\n<p style=\"text-align: justify;\"><em><strong>Escursionismo<\/strong> <\/em>\u2013 Interessanti i diversi parchi nazionali: <strong>Mur\u00e1nska planina<\/strong> con il castello di <strong>Mur\u00e1\u0148<\/strong>, <strong>Slovensk\u00fd kras<\/strong> (il carso slovacco) e <strong>Slovensk\u00fd raj<\/strong> (il paradiso slovacco), con la bella valle \u00a0Hnilca dolina. Da visitare anche il bacino idrografico creato dalla diga <strong>Palcmansk\u00e1 Ma\u0161a<\/strong>.<\/p>\n<p style=\"text-align: justify;\"><em><strong>Grotte<\/strong> <\/em>\u2013 <strong>Jasky\u0148a Domica<\/strong>, <strong>Gombaseck\u00e1 jasky\u0148a<\/strong>, <strong>Ochtinsk\u00e1 aragonitov\u00e1 jasky\u0148a<\/strong> (Grotta di aragonite Ochtinsk\u00e1), <strong>Dob\u0161insk\u00e1 \u013eadov\u00e1 jasky\u0148a<\/strong> (Grotta di ghiaccio di Dob\u0161ina), <strong>Stratensk\u00e1 jasky\u0148a<\/strong> e <strong>Kr\u00e1snohorsk\u00e1 jasky\u0148a<\/strong>. Sono tutte parte della lista del Patrimonio mondiale Unesco.<\/p>\n<p style=\"text-align: justify;\"><em><strong>Sport<\/strong> <\/em>\u2013 Centro sciistico a <strong>Dedinka<\/strong> (ex villaggi \u0160tefanovce e Imrichovce).<\/p>\n<p style=\"text-align: justify;\"><strong><em>Terme<\/em><\/strong> \u2013 Centro termale di <strong>\u010c\u00ed\u017e<\/strong> (K\u00fapele \u010c\u00ed\u017e)<\/p>\n<p style=\"text-align: justify;\"><a href=\"http:\/\/www.turismoslovacchia.it\/wp-content\/uploads\/roznava_atrox-nc-sa.jpg\" data-rel=\"lightbox-gallery-b21S8aEk\" data-rl_title=\"\" data-rl_caption=\"\" title=\"\"><img decoding=\"async\" loading=\"lazy\" class=\"alignnone size-full wp-image-6318\" src=\"http:\/\/www.turismoslovacchia.it\/wp-content\/uploads\/roznava_atrox-nc-sa.jpg\" alt=\"roznava_(atrox-nc-sa)\" width=\"720\" height=\"433\" srcset=\"https:\/\/www.turismoslovacchia.it\/wp-content\/uploads\/roznava_atrox-nc-sa.jpg 720w, https:\/\/www.turismoslovacchia.it\/wp-content\/uploads\/roznava_atrox-nc-sa-300x180.jpg 300w, https:\/\/www.turismoslovacchia.it\/wp-content\/uploads\/roznava_atrox-nc-sa-600x361.jpg 600w, https:\/\/www.turismoslovacchia.it\/wp-content\/uploads\/roznava_atrox-nc-sa-400x241.jpg 400w, https:\/\/www.turismoslovacchia.it\/wp-content\/uploads\/roznava_atrox-nc-sa-100x60.jpg 100w, https:\/\/www.turismoslovacchia.it\/wp-content\/uploads\/roznava_atrox-nc-sa-200x120.jpg 200w, https:\/\/www.turismoslovacchia.it\/wp-content\/uploads\/roznava_atrox-nc-sa-150x90.jpg 150w\" sizes=\"(max-width: 720px) 100vw, 720px\" \/><br \/>\n<\/a><span style=\"color: #808080;\"><em>Ro\u017e\u0148ava (<a style=\"color: #808080;\" href=\"https:\/\/www.flickr.com\/photos\/13708231@N00\/532895924\">atrox<\/a> cc-by-nc-sa)<\/em><\/span><\/p>\n<p style=\"text-align: justify;\"><a href=\"http:\/\/www.turismoslovacchia.it\/wp-content\/uploads\/rimavskasobota_e-obce.sk_.jpg\" data-rel=\"lightbox-gallery-b21S8aEk\" data-rl_title=\"\" data-rl_caption=\"\" title=\"\"><img decoding=\"async\" loading=\"lazy\" class=\"alignnone size-full wp-image-6317\" src=\"http:\/\/www.turismoslovacchia.it\/wp-content\/uploads\/rimavskasobota_e-obce.sk_.jpg\" alt=\"rimavskasobota_(e-obce.sk)\" width=\"720\" height=\"443\" srcset=\"https:\/\/www.turismoslovacchia.it\/wp-content\/uploads\/rimavskasobota_e-obce.sk_.jpg 720w, https:\/\/www.turismoslovacchia.it\/wp-content\/uploads\/rimavskasobota_e-obce.sk_-300x185.jpg 300w, https:\/\/www.turismoslovacchia.it\/wp-content\/uploads\/rimavskasobota_e-obce.sk_-600x369.jpg 600w, https:\/\/www.turismoslovacchia.it\/wp-content\/uploads\/rimavskasobota_e-obce.sk_-400x246.jpg 400w, https:\/\/www.turismoslovacchia.it\/wp-content\/uploads\/rimavskasobota_e-obce.sk_-100x62.jpg 100w, https:\/\/www.turismoslovacchia.it\/wp-content\/uploads\/rimavskasobota_e-obce.sk_-200x123.jpg 200w, https:\/\/www.turismoslovacchia.it\/wp-content\/uploads\/rimavskasobota_e-obce.sk_-150x92.jpg 150w\" sizes=\"(max-width: 720px) 100vw, 720px\" \/><\/a><br \/>\n<span style=\"color: #808080;\"><em>Rimavsk\u00e1 Sobota (<a style=\"color: #808080;\" href=\"http:\/\/www.e-obce.sk\/foto\/5580.jpg\/obec\/rimavskasobota\/fotky\/5580.html\">e-obce.sk<\/a>)\u00a0<\/em><\/span><\/p>\n<p><a href=\"http:\/\/www.turismoslovacchia.it\/wp-content\/uploads\/Muranska-planina-parco-naz_Wikimedia.jpg\" rel=\"attachment wp-att-3319\" data-rel=\"lightbox-gallery-b21S8aEk\" data-rl_title=\"\" data-rl_caption=\"\"><img decoding=\"async\" loading=\"lazy\" class=\"alignnone\" title=\"\" src=\"http:\/\/www.turismoslovacchia.it\/wp-content\/uploads\/Muranska-planina-parco-naz_Wikimedia.jpg\" width=\"720\" height=\"443\" \/><br \/>\n<\/a><span style=\"color: #888888;\"><em>Parco nazionale Mur\u00e1nska planina\u00a0(Daniel Baranek@Wikimedia)<\/em><\/span><\/p>\n<p><a href=\"http:\/\/www.turismoslovacchia.it\/wp-content\/uploads\/Castello-Betliar_roland78_8723906880@flickr.jpg\" rel=\"attachment wp-att-3318\" data-rel=\"lightbox-gallery-b21S8aEk\" data-rl_title=\"\" data-rl_caption=\"\"><img decoding=\"async\" loading=\"lazy\" class=\"alignnone\" title=\"\" src=\"http:\/\/www.turismoslovacchia.it\/wp-content\/uploads\/Castello-Betliar_roland78_8723906880@flickr.jpg\" width=\"720\" height=\"443\" \/><br \/>\n<\/a><span style=\"color: #888888;\"><em>Castello di Betliar (Roland Toth@flickr)<\/em><\/span><\/p>\n<p><a href=\"http:\/\/www.turismoslovacchia.it\/wp-content\/uploads\/Castello-Betliar_speedygroundhog-6175632695.jpg\" rel=\"attachment wp-att-3781\" data-rel=\"lightbox-gallery-b21S8aEk\" data-rl_title=\"\" data-rl_caption=\"\"><img decoding=\"async\" loading=\"lazy\" class=\"alignnone wp-image-3781\" title=\"\" src=\"http:\/\/www.turismoslovacchia.it\/wp-content\/uploads\/Castello-Betliar_speedygroundhog-6175632695.jpg\" width=\"720\" height=\"484\" srcset=\"https:\/\/www.turismoslovacchia.it\/wp-content\/uploads\/Castello-Betliar_speedygroundhog-6175632695.jpg 520w, https:\/\/www.turismoslovacchia.it\/wp-content\/uploads\/Castello-Betliar_speedygroundhog-6175632695-180x120.jpg 180w, https:\/\/www.turismoslovacchia.it\/wp-content\/uploads\/Castello-Betliar_speedygroundhog-6175632695-300x202.jpg 300w, https:\/\/www.turismoslovacchia.it\/wp-content\/uploads\/Castello-Betliar_speedygroundhog-6175632695-400x269.jpg 400w, https:\/\/www.turismoslovacchia.it\/wp-content\/uploads\/Castello-Betliar_speedygroundhog-6175632695-100x67.jpg 100w, https:\/\/www.turismoslovacchia.it\/wp-content\/uploads\/Castello-Betliar_speedygroundhog-6175632695-186x125.jpg 186w, https:\/\/www.turismoslovacchia.it\/wp-content\/uploads\/Castello-Betliar_speedygroundhog-6175632695-150x101.jpg 150w, https:\/\/www.turismoslovacchia.it\/wp-content\/uploads\/Castello-Betliar_speedygroundhog-6175632695-272x182.jpg 272w\" sizes=\"(max-width: 720px) 100vw, 720px\" \/><br \/>\n<\/a><span style=\"color: #888888;\"><em>Castello di Betliar, la biblioteca (speedygroundhog@flickr)<br \/>\n<\/em><\/span><\/p>\n<p><a href=\"http:\/\/www.turismoslovacchia.it\/wp-content\/uploads\/kraskovo_Gemersk\u00e1-medi\u00e1lna-spolocnost@wiki.jpg\" data-rel=\"lightbox-gallery-b21S8aEk\" data-rl_title=\"\" data-rl_caption=\"\" title=\"\"><img decoding=\"async\" loading=\"lazy\" class=\"alignnone size-full wp-image-6320\" src=\"http:\/\/www.turismoslovacchia.it\/wp-content\/uploads\/kraskovo_Gemersk\u00e1-medi\u00e1lna-spolocnost@wiki.jpg\" alt=\"kraskovo_(Gemersk\u00e1-medi\u00e1lna-spolocnost@wiki)\" width=\"720\" height=\"404\" srcset=\"https:\/\/www.turismoslovacchia.it\/wp-content\/uploads\/kraskovo_Gemersk\u00e1-medi\u00e1lna-spolocnost@wiki.jpg 720w, https:\/\/www.turismoslovacchia.it\/wp-content\/uploads\/kraskovo_Gemersk\u00e1-medi\u00e1lna-spolocnost@wiki-300x168.jpg 300w, https:\/\/www.turismoslovacchia.it\/wp-content\/uploads\/kraskovo_Gemersk\u00e1-medi\u00e1lna-spolocnost@wiki-600x337.jpg 600w, https:\/\/www.turismoslovacchia.it\/wp-content\/uploads\/kraskovo_Gemersk\u00e1-medi\u00e1lna-spolocnost@wiki-400x224.jpg 400w, https:\/\/www.turismoslovacchia.it\/wp-content\/uploads\/kraskovo_Gemersk\u00e1-medi\u00e1lna-spolocnost@wiki-100x56.jpg 100w, https:\/\/www.turismoslovacchia.it\/wp-content\/uploads\/kraskovo_Gemersk\u00e1-medi\u00e1lna-spolocnost@wiki-200x112.jpg 200w, https:\/\/www.turismoslovacchia.it\/wp-content\/uploads\/kraskovo_Gemersk\u00e1-medi\u00e1lna-spolocnost@wiki-150x84.jpg 150w\" sizes=\"(max-width: 720px) 100vw, 720px\" \/><\/a><br \/>\n<span style=\"color: #808080;\"><em>Chiesa di Krakovo (<a style=\"color: #808080;\" href=\"https:\/\/commons.wikimedia.org\/wiki\/File:Kostol_Kraskovo.jpg\" data-rel=\"lightbox-gallery-b21S8aEk\" data-rl_title=\"\" data-rl_caption=\"\" title=\"\">Gemersk\u00e1 medi\u00e1lna spolo\u010dnos\u0165<\/a>\u00a0cc-by-sa)<\/em><\/span><\/p>\n<p><a href=\"http:\/\/www.turismoslovacchia.it\/wp-content\/uploads\/Dobsina-Gemer-PalsmanskaMasa_RudolfPellionis-nc-sa.jpg\" data-rel=\"lightbox-gallery-b21S8aEk\" data-rl_title=\"\" data-rl_caption=\"\" title=\"\"><img decoding=\"async\" loading=\"lazy\" class=\"alignnone size-full wp-image-6363\" src=\"http:\/\/www.turismoslovacchia.it\/wp-content\/uploads\/Dobsina-Gemer-PalsmanskaMasa_RudolfPellionis-nc-sa.jpg\" alt=\"dobsina-gemer-palsmanskamasa_rudolfpellionis-nc-sa\" width=\"719\" height=\"443\" srcset=\"https:\/\/www.turismoslovacchia.it\/wp-content\/uploads\/Dobsina-Gemer-PalsmanskaMasa_RudolfPellionis-nc-sa.jpg 719w, https:\/\/www.turismoslovacchia.it\/wp-content\/uploads\/Dobsina-Gemer-PalsmanskaMasa_RudolfPellionis-nc-sa-300x185.jpg 300w, https:\/\/www.turismoslovacchia.it\/wp-content\/uploads\/Dobsina-Gemer-PalsmanskaMasa_RudolfPellionis-nc-sa-600x370.jpg 600w, https:\/\/www.turismoslovacchia.it\/wp-content\/uploads\/Dobsina-Gemer-PalsmanskaMasa_RudolfPellionis-nc-sa-400x246.jpg 400w, https:\/\/www.turismoslovacchia.it\/wp-content\/uploads\/Dobsina-Gemer-PalsmanskaMasa_RudolfPellionis-nc-sa-100x62.jpg 100w, https:\/\/www.turismoslovacchia.it\/wp-content\/uploads\/Dobsina-Gemer-PalsmanskaMasa_RudolfPellionis-nc-sa-200x123.jpg 200w, https:\/\/www.turismoslovacchia.it\/wp-content\/uploads\/Dobsina-Gemer-PalsmanskaMasa_RudolfPellionis-nc-sa-150x92.jpg 150w\" sizes=\"(max-width: 719px) 100vw, 719px\" \/><\/a><br \/>\n<span style=\"color: #808080;\"><em>Dob\u0161in\u00e1, Palcmansk\u00e1 Ma\u0161a, Gemer (<a style=\"color: #808080;\" href=\"http:\/\/www.panoramio.com\/photo\/90727902\">Rudolf Pellionis<\/a> cc-by-nc-sa)<\/em><\/span><\/p>\n<p><em><a href=\"http:\/\/www.turismoslovacchia.it\/wp-content\/uploads\/Palcmanska-masa_Slovensky-raj_Traveltipy-cc-by.jpg\" data-rel=\"lightbox-gallery-b21S8aEk\" data-rl_title=\"\" data-rl_caption=\"\" title=\"\"><img decoding=\"async\" loading=\"lazy\" class=\"alignnone size-full wp-image-6325\" src=\"http:\/\/www.turismoslovacchia.it\/wp-content\/uploads\/Palcmanska-masa_Slovensky-raj_Traveltipy-cc-by.jpg\" alt=\"Palcmanska-masa_Slovensky-raj_(Traveltipy-cc-by)\" width=\"720\" height=\"443\" srcset=\"https:\/\/www.turismoslovacchia.it\/wp-content\/uploads\/Palcmanska-masa_Slovensky-raj_Traveltipy-cc-by.jpg 720w, https:\/\/www.turismoslovacchia.it\/wp-content\/uploads\/Palcmanska-masa_Slovensky-raj_Traveltipy-cc-by-300x185.jpg 300w, https:\/\/www.turismoslovacchia.it\/wp-content\/uploads\/Palcmanska-masa_Slovensky-raj_Traveltipy-cc-by-600x369.jpg 600w, https:\/\/www.turismoslovacchia.it\/wp-content\/uploads\/Palcmanska-masa_Slovensky-raj_Traveltipy-cc-by-400x246.jpg 400w, https:\/\/www.turismoslovacchia.it\/wp-content\/uploads\/Palcmanska-masa_Slovensky-raj_Traveltipy-cc-by-100x62.jpg 100w, https:\/\/www.turismoslovacchia.it\/wp-content\/uploads\/Palcmanska-masa_Slovensky-raj_Traveltipy-cc-by-200x123.jpg 200w, https:\/\/www.turismoslovacchia.it\/wp-content\/uploads\/Palcmanska-masa_Slovensky-raj_Traveltipy-cc-by-150x92.jpg 150w\" sizes=\"(max-width: 720px) 100vw, 720px\" \/><\/a><br \/>\n<span style=\"color: #808080;\">Bacino dalla diga Palcmansk\u00e1 Ma\u0161a (<a style=\"color: #808080;\" href=\"https:\/\/www.flickr.com\/photos\/53113704@N03\/20614474372\">traveltipy<\/a> cc-by-2.0)<\/span><\/em><\/p>\n<p><a href=\"http:\/\/www.turismoslovacchia.it\/wp-content\/uploads\/grotta-aragonite-Ochtinska_traveltipy-cc-by.jpg\" data-rel=\"lightbox-gallery-b21S8aEk\" data-rl_title=\"\" data-rl_caption=\"\" title=\"\"><img decoding=\"async\" loading=\"lazy\" class=\"alignnone size-full wp-image-6326\" src=\"http:\/\/www.turismoslovacchia.it\/wp-content\/uploads\/grotta-aragonite-Ochtinska_traveltipy-cc-by.jpg\" alt=\"grotta-aragonite-Ochtinska_(traveltipy-cc-by)\" width=\"720\" height=\"443\" srcset=\"https:\/\/www.turismoslovacchia.it\/wp-content\/uploads\/grotta-aragonite-Ochtinska_traveltipy-cc-by.jpg 720w, https:\/\/www.turismoslovacchia.it\/wp-content\/uploads\/grotta-aragonite-Ochtinska_traveltipy-cc-by-300x185.jpg 300w, https:\/\/www.turismoslovacchia.it\/wp-content\/uploads\/grotta-aragonite-Ochtinska_traveltipy-cc-by-600x369.jpg 600w, https:\/\/www.turismoslovacchia.it\/wp-content\/uploads\/grotta-aragonite-Ochtinska_traveltipy-cc-by-400x246.jpg 400w, https:\/\/www.turismoslovacchia.it\/wp-content\/uploads\/grotta-aragonite-Ochtinska_traveltipy-cc-by-100x62.jpg 100w, https:\/\/www.turismoslovacchia.it\/wp-content\/uploads\/grotta-aragonite-Ochtinska_traveltipy-cc-by-200x123.jpg 200w, https:\/\/www.turismoslovacchia.it\/wp-content\/uploads\/grotta-aragonite-Ochtinska_traveltipy-cc-by-150x92.jpg 150w\" sizes=\"(max-width: 720px) 100vw, 720px\" \/><\/a><br \/>\n<span style=\"color: #808080;\"><em>Grotta di aragonite Ochtinsk\u00e1 (<a style=\"color: #808080;\" href=\"https:\/\/www.flickr.com\/photos\/53113704@N03\/21650686678\">traveltipy<\/a> cc-by-2.0)<\/em><\/span><\/p>\n<p><a href=\"http:\/\/www.turismoslovacchia.it\/wp-content\/uploads\/slovensky-kras_peterfenda-nc-nd.jpg\" data-rel=\"lightbox-gallery-b21S8aEk\" data-rl_title=\"\" data-rl_caption=\"\" title=\"\"><img decoding=\"async\" loading=\"lazy\" class=\"alignnone size-full wp-image-6324\" src=\"http:\/\/www.turismoslovacchia.it\/wp-content\/uploads\/slovensky-kras_peterfenda-nc-nd.jpg\" alt=\"slovensky-kras_(peterfenda-nc-nd)\" width=\"720\" height=\"443\" srcset=\"https:\/\/www.turismoslovacchia.it\/wp-content\/uploads\/slovensky-kras_peterfenda-nc-nd.jpg 720w, https:\/\/www.turismoslovacchia.it\/wp-content\/uploads\/slovensky-kras_peterfenda-nc-nd-300x185.jpg 300w, https:\/\/www.turismoslovacchia.it\/wp-content\/uploads\/slovensky-kras_peterfenda-nc-nd-600x369.jpg 600w, https:\/\/www.turismoslovacchia.it\/wp-content\/uploads\/slovensky-kras_peterfenda-nc-nd-400x246.jpg 400w, https:\/\/www.turismoslovacchia.it\/wp-content\/uploads\/slovensky-kras_peterfenda-nc-nd-100x62.jpg 100w, https:\/\/www.turismoslovacchia.it\/wp-content\/uploads\/slovensky-kras_peterfenda-nc-nd-200x123.jpg 200w, https:\/\/www.turismoslovacchia.it\/wp-content\/uploads\/slovensky-kras_peterfenda-nc-nd-150x92.jpg 150w\" sizes=\"(max-width: 720px) 100vw, 720px\" \/><\/a><br \/>\n<span style=\"color: #808080;\"><em>Slovensk\u00fd kras Karst, ingresso della Grotta\u00a0Drienova\u00a0(<a style=\"color: #808080;\" href=\"https:\/\/www.flickr.com\/photos\/21376386@N07\/6791934268\">Peter Fenda<\/a> cc-by-nc-nd)<\/em><\/span><\/p>\n<p><a href=\"http:\/\/www.turismoslovacchia.it\/wp-content\/uploads\/Gemer-Rimavska-Sobot_MartinSojka_3460659714@flickr.jpg\" rel=\"attachment wp-att-3311\" data-rel=\"lightbox-gallery-b21S8aEk\" data-rl_title=\"\" data-rl_caption=\"\"><img decoding=\"async\" loading=\"lazy\" class=\"alignnone\" title=\"\" src=\"http:\/\/www.turismoslovacchia.it\/wp-content\/uploads\/Gemer-Rimavska-Sobot_MartinSojka_3460659714@flickr.jpg\" width=\"718\" height=\"442\" \/><br \/>\n<\/a><span style=\"color: #888888;\"><em>Gemer, Rimavsk\u00e1 Sobota\u00a0(Martin Sojka@flickr)<\/em><\/span><\/p>\n<p><a href=\"http:\/\/farm4.staticflickr.com\/3329\/3516487234_db97ea63cf_z.jpg\" data-rel=\"lightbox-gallery-b21S8aEk\" data-rl_title=\"\" data-rl_caption=\"\" title=\"\"><img decoding=\"async\" loading=\"lazy\" class=\"alignnone\" src=\"http:\/\/farm4.staticflickr.com\/3329\/3516487234_db97ea63cf_z.jpg\" width=\"718\" height=\"957\" \/><\/a><br \/>\n<span style=\"color: #888888;\"><em>Gemer (Martin Sojka@flickr)<\/em><\/span><\/p>\n<p>&nbsp;<\/p>\n<p>&nbsp;<\/p>\n<p><strong>Video: Regione Gemer<\/strong><\/p>\n<p><span class=\"embed-youtube\" style=\"text-align:center; display: block;\"><iframe loading=\"lazy\" class=\"youtube-player\" width=\"1140\" height=\"642\" src=\"https:\/\/www.youtube.com\/embed\/7Z7P-swiRoI?version=3&#038;rel=1&#038;showsearch=0&#038;showinfo=1&#038;iv_load_policy=1&#038;fs=1&#038;hl=it-IT&#038;autohide=2&#038;wmode=transparent\" allowfullscreen=\"true\" style=\"border:0;\" sandbox=\"allow-scripts allow-same-origin allow-popups allow-presentation\"><\/iframe><\/span><\/p>\n<p style=\"text-align: justify;\"><strong>Video: Castello di Betliar<\/strong><\/p>\n<p><span class=\"embed-youtube\" style=\"text-align:center; display: block;\"><iframe loading=\"lazy\" class=\"youtube-player\" width=\"1140\" height=\"642\" src=\"https:\/\/www.youtube.com\/embed\/H4YmSjksiRo?version=3&#038;rel=1&#038;showsearch=0&#038;showinfo=1&#038;iv_load_policy=1&#038;fs=1&#038;hl=it-IT&#038;autohide=2&#038;wmode=transparent\" allowfullscreen=\"true\" style=\"border:0;\" sandbox=\"allow-scripts allow-same-origin allow-popups allow-presentation\"><\/iframe><\/span><\/p>\n<p style=\"text-align: justify;\"><strong>Video: Parco nazionale di Slovensk\u00fd raj<\/strong><\/p>\n<p><span class=\"embed-youtube\" style=\"text-align:center; display: block;\"><iframe loading=\"lazy\" class=\"youtube-player\" width=\"1140\" height=\"642\" src=\"https:\/\/www.youtube.com\/embed\/jKU56nZQ54E?version=3&#038;rel=1&#038;showsearch=0&#038;showinfo=1&#038;iv_load_policy=1&#038;fs=1&#038;hl=it-IT&#038;autohide=2&#038;wmode=transparent\" allowfullscreen=\"true\" style=\"border:0;\" sandbox=\"allow-scripts allow-same-origin allow-popups allow-presentation\"><\/iframe><\/span><\/p>\n<p style=\"text-align: justify;\"><strong>Video: Parco nazionale di Slovensk\u00fd kras<\/strong><\/p>\n<p><span class=\"embed-youtube\" style=\"text-align:center; display: block;\"><iframe loading=\"lazy\" class=\"youtube-player\" width=\"1140\" height=\"642\" src=\"https:\/\/www.youtube.com\/embed\/VoTUefB5q0M?version=3&#038;rel=1&#038;showsearch=0&#038;showinfo=1&#038;iv_load_policy=1&#038;fs=1&#038;hl=it-IT&#038;autohide=2&#038;wmode=transparent\" allowfullscreen=\"true\" style=\"border:0;\" sandbox=\"allow-scripts allow-same-origin allow-popups allow-presentation\"><\/iframe><\/span><\/p>\n<p style=\"text-align: justify;\"><span style=\"color: #ffffff;\">.<\/span><\/p>\n<p style=\"text-align: justify;\">Info:<\/p>\n<p style=\"text-align: justify;\"><strong><em>Ro\u017e\u0148ava Tourist Information Centre (Turistick\u00e9 informa\u010dn\u00e9 centrum Ro\u017e\u0148ava)<\/em><\/strong><br \/>\nN\u00e1mestie ban\u00edkov 32<br \/>\n048 01 Ro\u017e\u0148ava<br \/>\nTel: +421 (0)58 732 81 01, +421 (0)58 788 44 20<br \/>\nFax: +421 (0)58 732 48 37<br \/>\nE-mail: tic.roznava@stonline.sk<br \/>\nWeb: <a href=\"http:\/\/www.tikroznava.sk\/\">www.ticroznava.sk<\/a><\/p>\n<p style=\"text-align: justify;\"><a href=\"http:\/\/upload.wikimedia.org\/wikipedia\/commons\/2\/20\/Slovakia_Gemer.jpg\" data-rel=\"lightbox-gallery-b21S8aEk\" data-rl_title=\"\" data-rl_caption=\"\" title=\"\"><img decoding=\"async\" loading=\"lazy\" class=\"alignnone\" src=\"http:\/\/upload.wikimedia.org\/wikipedia\/commons\/2\/20\/Slovakia_Gemer.jpg\" alt=\"\" width=\"720\" height=\"374\" \/><\/a><\/p>\n<p style=\"text-align: justify;\"><span style=\"color: #888888;\"><em>Mappa Wikipedia (cliccare per zoomare)<\/em><\/span><\/p>\n<p style=\"text-align: justify;\"><span style=\"color: #888888;\"><em>Foto: 1) Castello di Kr\u00e1sna H\u00f4rka\u00a0(Ubertino de Casale@<a href=\"http:\/\/www.skyscrapercity.com\"><span style=\"color: #888888;\">skyscrapercity.com<\/span><\/a>); 2) G<\/em><em>emer,\u00a0Palcmansk\u00e1 Ma\u0161a\u00a0(<a href=\"http:\/\/commons.wikimedia.org\/wiki\/File:Palcmansk%C3%A1_Ma%C5%A1a.JPG\" data-rel=\"lightbox-gallery-b21S8aEk\" data-rl_title=\"\" data-rl_caption=\"\" title=\"\"><span style=\"color: #888888;\">Szeder Laszlo@Wikimedia<\/span><\/a>); 3) J<\/em><em>asky\u0148a Domica\u00a0(<a href=\"http:\/\/sk.wikipedia.org\/wiki\/S%C3%BAbor:Domica_Cave_22.jpg\" data-rel=\"lightbox-gallery-b21S8aEk\" data-rl_title=\"\" data-rl_caption=\"\" title=\"\"><span style=\"color: #888888;\">Jojo@Wikimedia<\/span><\/a>); 4) D<\/em><em>ob\u0161insk\u00e1 \u013eadov\u00e1 jasky\u0148a (<a href=\"http:\/\/www.gemer.org\"><span style=\"color: #888888;\">gemer.org<\/span><\/a>); 5) e 6) S<\/em><em>lovensk\u00fd raj\u00a0(<a href=\"http:\/\/www.flickr.com\/photos\/sulelk\/\"><span style=\"color: #888888;\">Sulelk@flickr<\/span><\/a>); 7)\u00a0Parco nazionale Mur\u00e1nska planina\u00a0(<a href=\"http:\/\/commons.wikimedia.org\/wiki\/File:Mur%C3%A1nska_planina,_Maretkin%C3%A1,_Hucul_02.jpg\" data-rel=\"lightbox-gallery-b21S8aEk\" data-rl_title=\"\" data-rl_caption=\"\" title=\"\"><span style=\"color: #888888;\">Daniel Baranek@Wikimedia<\/span><\/a>); 8) C<\/em><em>astello di Betliar (<a href=\"http:\/\/www.flickr.com\/photos\/11558677@N05\/\"><span style=\"color: #888888;\">Roland Toth@flickr<\/span><\/a>); 9) <\/em><\/span><em><span style=\"color: #888888;\"><a href=\"https:\/\/www.flickr.com\/photos\/speedygroundhog\"><span style=\"color: #888888;\">speedygroundhog@flickr<\/span><\/a>;<\/span>\u00a0<\/em><span style=\"color: #888888;\"><em>10) e 11) R<\/em><em>imavsk\u00e1 Sobota e Gemer (<a href=\"http:\/\/www.flickr.com\/photos\/msojka\/\"><span style=\"color: #888888;\">Martin Sojka@flickr<\/span><\/a>).<\/em><\/span><\/p>\n","protected":false},"excerpt":{"rendered":"<p>La regione turistica chiamata Gemersk\u00fd \u00e8 parte della Regione autonoma di Bansk\u00e1 Bystrica (Banskobystrick\u00fd kraj) e comprende i distretti di Rimavsk\u00e1 Sobota, Rev\u00faca e parte di Ro\u017e\u0148ava. Castello di Kr\u00e1sna H\u00f4rka (Ubertino de Casale@skyscrapercity.com) Il territorio di Gemer si trova nel sud della Slovacchia centrale. Dal XIX secolo al suo territorio \u00e8 stata annessa anche [&hellip;]<\/p>\n","protected":false},"author":2,"featured_media":3314,"parent":394,"menu_order":0,"comment_status":"open","ping_status":"closed","template":"","meta":[],"aioseo_notices":[],"jetpack_sharing_enabled":true,"jetpack-related-posts":[{"id":3378,"url":"https:\/\/www.turismoslovacchia.it\/?page_id=3378","url_meta":{"origin":3214,"position":0},"title":"Itinerario: la Strada gotica (Gotick\u00e1 cesta)","date":"9 Febbraio 2014","format":false,"excerpt":"La \u201cStrada gotica\u201d (Gotick\u00e1 cesta) \u00e8 il primo itinerario tematico e ragionato creato in Slovacchia come viaggio di ricognizione culturale. Si tratta di un circuito turistico dove \u00e8 possibile scoprire i tesori delle regioni Spi\u0161 e Gemer, nella Slovacchia centro-orientale. Non solo i maggiori castelli e borghi fortificati torreggiante in\u2026","rel":"","context":"In \"architettura\"","img":{"alt_text":"","src":"https:\/\/i0.wp.com\/www.turismoslovacchia.it\/wp-content\/uploads\/gotica.jpg?resize=350%2C200&ssl=1","width":350,"height":200},"classes":[]},{"id":394,"url":"https:\/\/www.turismoslovacchia.it\/?page_id=394","url_meta":{"origin":3214,"position":1},"title":"Le regioni turistiche","date":"31 Ottobre 2010","format":false,"excerpt":"Le regioni turistiche della Slovacchia Le regioni turistiche sono aree geografiche pi\u00f9 o meno vaste che sono state designate come tali da un organismo governativo o dall'ufficio del turismo per avere caratteristiche ambientali o culturali comuni, e portano spesso il nome storico delle regioni geografiche o amministrative. Altre hanno nomi\u2026","rel":"","context":"Articolo simile","img":{"alt_text":"","src":"https:\/\/i0.wp.com\/www.turismoslovacchia.it\/wp-content\/uploads\/regioni-turis.png?resize=350%2C200&ssl=1","width":350,"height":200},"classes":[]},{"id":36,"url":"https:\/\/www.turismoslovacchia.it\/?page_id=36","url_meta":{"origin":3214,"position":2},"title":"Le regioni amministrative","date":"9 Ottobre 2010","format":false,"excerpt":"Le Regioni della Slovacchia Pur essendo un piccolo paese, la Slovacchia possiede un grande patrimonio di diversit\u00e0 regionali, sia culturali che geografiche. - Il terzo occidentale del paese comprende la capitale Bratislava e, fatta eccezione per alcune alture in direzione nord della citt\u00e0, \u00e8 relativamente piatto. E prende le pianure\u2026","rel":"","context":"In \"Regione di Bansk\u00e1 Bystrica\"","img":{"alt_text":"","src":"https:\/\/i0.wp.com\/www.turismoslovacchia.it\/wp-content\/uploads\/regioni_SK.jpg?resize=350%2C200&ssl=1","width":350,"height":200},"classes":[]},{"id":7041,"url":"https:\/\/www.turismoslovacchia.it\/?page_id=7041","url_meta":{"origin":3214,"position":3},"title":"Castello di Kr\u00e1sna H\u00f4rka","date":"26 Dicembre 2016","format":false,"excerpt":"\u00a0 Questo castello, costruito nel XIII secolo su una via commerciale che dalla Transilvania attraverso Ko\u0161ice e la regione di Spi\u0161 portava alla Polonia, domina dalla cima di una brulla collina il borgo di Kr\u00e1snohorsk\u00e9 Podhradie vicino a Ro\u017e\u0148ava, nella regione di Ko\u0161ice. Si tratta di uno dei pi\u00f9 antichi\u2026","rel":"","context":"In \"castelli\"","img":{"alt_text":"","src":"https:\/\/i0.wp.com\/www.turismoslovacchia.it\/wp-content\/uploads\/krasnahorka-cast_ThalerTamas-.jpg?resize=350%2C200&ssl=1","width":350,"height":200},"classes":[]},{"id":5642,"url":"https:\/\/www.turismoslovacchia.it\/?page_id=5642","url_meta":{"origin":3214,"position":4},"title":"I castelli della Slovacchia","date":"21 Agosto 2015","format":false,"excerpt":"Avete mai sentito parlare di castelli slovacchi? Non sapete che la Slovacchia \u00e8 uno dei paesi con la maggiore concentrazione di castelli in Europa e nel mondo?\u00a0Le ragioni sono tante, tra le quali l'essere stata terra di passaggio di molte invasioni, l'avere contribuito a fermare\u00a0gli Ottomani nella loro conquista dell'Europa\u2026","rel":"","context":"In \"Albertina\"","img":{"alt_text":"","src":"https:\/\/i0.wp.com\/www.turismoslovacchia.it\/wp-content\/uploads\/spis-castl_Bjalek-Spis11.JPG_wikimedia.jpg?resize=350%2C200&ssl=1","width":350,"height":200},"classes":[]},{"id":3212,"url":"https:\/\/www.turismoslovacchia.it\/?page_id=3212","url_meta":{"origin":3214,"position":5},"title":"Le regioni turistiche: Spi\u0161 meridionale (Ju\u017en\u00fd Spi\u0161)","date":"9 Febbraio 2014","format":false,"excerpt":"La regione turistica di Spi\u0161 del Sud \u00e8 parte della Regione autonoma di Pre\u0161ov (Pre\u0161ovsk\u00fd kraj) e comprende i distretti di Levo\u010da, Spi\u0161sk\u00e1 Nov\u00e1 Ves, Gelnica e parte di Ro\u017e\u0148ava. Castello di Spi\u0161 Spi\u0161 \u00e8 il territorio storico nel nord della Slovacchia, con tutti gli attributi naturali propri del tipico\u2026","rel":"","context":"In \"Castello di Spis\"","img":{"alt_text":"","src":"https:\/\/i0.wp.com\/www.turismoslovacchia.it\/wp-content\/uploads\/Castello-di-Spis-Slovacchia.jpg?resize=350%2C200&ssl=1","width":350,"height":200},"classes":[]}],"jetpack_shortlink":"https:\/\/wp.me\/P1oiY9-PQ","_links":{"self":[{"href":"https:\/\/www.turismoslovacchia.it\/index.php?rest_route=\/wp\/v2\/pages\/3214"}],"collection":[{"href":"https:\/\/www.turismoslovacchia.it\/index.php?rest_route=\/wp\/v2\/pages"}],"about":[{"href":"https:\/\/www.turismoslovacchia.it\/index.php?rest_route=\/wp\/v2\/types\/page"}],"author":[{"embeddable":true,"href":"https:\/\/www.turismoslovacchia.it\/index.php?rest_route=\/wp\/v2\/users\/2"}],"replies":[{"embeddable":true,"href":"https:\/\/www.turismoslovacchia.it\/index.php?rest_route=%2Fwp%2Fv2%2Fcomments&post=3214"}],"version-history":[{"count":0,"href":"https:\/\/www.turismoslovacchia.it\/index.php?rest_route=\/wp\/v2\/pages\/3214\/revisions"}],"up":[{"embeddable":true,"href":"https:\/\/www.turismoslovacchia.it\/index.php?rest_route=\/wp\/v2\/pages\/394"}],"wp:featuredmedia":[{"embeddable":true,"href":"https:\/\/www.turismoslovacchia.it\/index.php?rest_route=\/wp\/v2\/media\/3314"}],"wp:attachment":[{"href":"https:\/\/www.turismoslovacchia.it\/index.php?rest_route=%2Fwp%2Fv2%2Fmedia&parent=3214"}],"curies":[{"name":"wp","href":"https:\/\/api.w.org\/{rel}","templated":true}]}}